{"id":8936,"date":"2025-06-11T10:46:11","date_gmt":"2025-06-11T14:46:11","guid":{"rendered":"https:\/\/dubreuilville.ca\/?page_id=8936"},"modified":"2026-02-23T13:43:57","modified_gmt":"2026-02-23T18:43:57","slug":"depotoir","status":"publish","type":"page","link":"https:\/\/dubreuilville.ca\/fr\/notre-communite\/collecte-des-ordures-et-recyclage\/depotoir\/","title":{"rendered":"Site d&rsquo;enfouissement"},"content":{"rendered":"\t\t<div data-elementor-type=\"wp-page\" data-elementor-id=\"8936\" class=\"elementor elementor-8936 elementor-4953\" data-elementor-post-type=\"page\">\n\t\t\t\t<div class=\"elementor-element elementor-element-2ecc1e9 e-flex e-con-boxed e-con e-parent\" data-id=\"2ecc1e9\" data-element_type=\"container\" data-e-type=\"container\">\n\t\t\t\t\t<div class=\"e-con-inner\">\n\t\t\t\t<div class=\"elementor-element elementor-element-f739776 elementor-widget elementor-widget-heading\" data-id=\"f739776\" data-element_type=\"widget\" data-e-type=\"widget\" data-widget_type=\"heading.default\">\n\t\t\t\t\t<h3 class=\"elementor-heading-title elementor-size-default\">La Corporation du Canton de Dubreuilville\n<br>Site d\u2019enfouissement \u2013 20, chemin Goudreau<\/h3>\t\t\t\t<\/div>\n\t\t\t\t<div class=\"elementor-element elementor-element-8c51102 elementor-widget elementor-widget-heading\" data-id=\"8c51102\" data-element_type=\"widget\" data-e-type=\"widget\" data-widget_type=\"heading.default\">\n\t\t\t\t\t<h3 class=\"elementor-heading-title elementor-size-default\">Heures d\u2019ouverture du site d\u2019enfouissement :<\/h3>\t\t\t\t<\/div>\n\t\t\t\t\t<\/div>\n\t\t\t\t<\/div>\n\t\t<div class=\"elementor-element elementor-element-8f94cb4 e-flex e-con-boxed e-con e-parent\" data-id=\"8f94cb4\" data-element_type=\"container\" data-e-type=\"container\">\n\t\t\t\t\t<div class=\"e-con-inner\">\n\t\t<div class=\"elementor-element elementor-element-d9fc1b5 e-con-full e-flex e-con e-child\" data-id=\"d9fc1b5\" data-element_type=\"container\" data-e-type=\"container\">\n\t\t\t\t<div class=\"elementor-element elementor-element-e407707 elementor-widget elementor-widget-text-editor\" data-id=\"e407707\" data-element_type=\"widget\" data-e-type=\"widget\" data-widget_type=\"text-editor.default\">\n\t\t\t\t\t\t\t\t\t<h5>Du lundi au samedi<\/h5><h5><br data-start=\"72\" data-end=\"75\" \/>De 12 h \u00e0 17 h<\/h5>\t\t\t\t\t\t\t\t<\/div>\n\t\t\t\t<\/div>\n\t\t<div class=\"elementor-element elementor-element-f7ec0b4 e-con-full e-flex e-con e-child\" data-id=\"f7ec0b4\" data-element_type=\"container\" data-e-type=\"container\">\n\t\t\t\t<div class=\"elementor-element elementor-element-44d28ce elementor-widget elementor-widget-text-editor\" data-id=\"44d28ce\" data-element_type=\"widget\" data-e-type=\"widget\" data-widget_type=\"text-editor.default\">\n\t\t\t\t\t\t\t\t\t<h5>Jeudi<\/h5><h5>(1er mai au 30 septembre)<\/h5><h5>De 19 h \u00e0 21 h<\/h5>\t\t\t\t\t\t\t\t<\/div>\n\t\t\t\t<\/div>\n\t\t\t\t\t<\/div>\n\t\t\t\t<\/div>\n\t\t<div class=\"elementor-element elementor-element-73a33e2 e-flex e-con-boxed e-con e-parent\" data-id=\"73a33e2\" data-element_type=\"container\" data-e-type=\"container\">\n\t\t\t\t\t<div class=\"e-con-inner\">\n\t\t\t\t<div class=\"elementor-element elementor-element-cf323bd elementor-widget elementor-widget-text-editor\" data-id=\"cf323bd\" data-element_type=\"widget\" data-e-type=\"widget\" data-widget_type=\"text-editor.default\">\n\t\t\t\t\t\t\t\t\t<p data-start=\"64\" data-end=\"351\">Veuillez noter que les propri\u00e9t\u00e9s r\u00e9sidentielles dont les taxes sont \u00e0 jour sont admissibles \u00e0 deux coupons gratuits. Chaque coupon donne droit \u00e0 un voyage gratuit par ann\u00e9e civile avec une camionnette de taille r\u00e9guli\u00e8re ou une petite remorque utilitaire, charg\u00e9e \u00e0 pleine capacit\u00e9.<\/p><p data-start=\"353\" data-end=\"434\">Si tu pr\u00e9f\u00e8res une version un peu plus formelle (style r\u00e8glement\/avis officiel) :<\/p><p data-start=\"436\" data-end=\"734\">Il est \u00e0 noter que les num\u00e9ros de r\u00f4le r\u00e9sidentiels dont les taxes municipales sont \u00e0 jour sont admissibles \u00e0 deux coupons gratuits. Chaque coupon permet un transport gratuit par ann\u00e9e civile avec une camionnette de taille r\u00e9guli\u00e8re ou une petite remorque utilitaire, charg\u00e9e \u00e0 pleine capacit\u00e9.<\/p>\t\t\t\t\t\t\t\t<\/div>\n\t\t\t\t<div class=\"elementor-element elementor-element-4713441 elementor-widget elementor-widget-heading\" data-id=\"4713441\" data-element_type=\"widget\" data-e-type=\"widget\" data-widget_type=\"heading.default\">\n\t\t\t\t\t<h4 class=\"elementor-heading-title elementor-size-default\">Frais de d\u00e9p\u00f4t au site d\u2019enfouissement<\/h4>\t\t\t\t<\/div>\n\t\t\t\t<div class=\"elementor-element elementor-element-a73d9c5 elementor-widget elementor-widget-text-editor\" data-id=\"a73d9c5\" data-element_type=\"widget\" data-e-type=\"widget\" data-widget_type=\"text-editor.default\">\n\t\t\t\t\t\t\t\t\t<table class=\"t1\" style=\"height: 698px;\" width=\"441\" cellspacing=\"0\" cellpadding=\"0\"><tbody><tr><td class=\"td1\" valign=\"middle\"><p class=\"p1\"><b>Frais de d\u00e9p\u00f4t\u00a0<\/b><\/p><\/td><td class=\"td1\" valign=\"middle\"><p class=\"p2\"><b>R\u00e9sident<\/b><\/p><\/td><td class=\"td1\" valign=\"middle\"><p class=\"p2\"><b>Non-R\u00e9sident<\/b><\/p><\/td><\/tr><tr><td class=\"td1\" valign=\"middle\"><p class=\"p3\">Camionnette r\u00e9guli\u00e8re \u2013 Demi-chargement<\/p><\/td><td class=\"td1\" valign=\"middle\"><p class=\"p4\"><span class=\"s1\">5,00 $<\/span><\/p><\/td><td class=\"td1\" valign=\"middle\"><p class=\"p5\"><span class=\"s1\">15,00 $<\/span><\/p><\/td><\/tr><tr><td class=\"td1\" valign=\"middle\"><p class=\"p3\">Camionnette r\u00e9guli\u00e8re \u2013 Chargement complet<\/p><\/td><td class=\"td1\" valign=\"middle\"><p class=\"p4\"><span class=\"s1\">10,00 $<\/span><\/p><\/td><td class=\"td1\" valign=\"middle\"><p class=\"p5\"><span class=\"s1\">22,50 $<\/span><\/p><\/td><\/tr><tr><td class=\"td1\" valign=\"middle\"><p class=\"p6\">Petite remorque utilitaire \u2013 Demi-chargement<\/p><\/td><td class=\"td1\" valign=\"middle\"><p class=\"p4\"><span class=\"s1\">5,00 $<\/span><\/p><\/td><td class=\"td1\" valign=\"middle\"><p class=\"p7\"><span class=\"s1\">15,00 $<\/span><\/p><\/td><\/tr><tr><td class=\"td1\" valign=\"middle\"><p class=\"p6\">Petite remorque utilitaire \u2013 Chargement complet<\/p><\/td><td class=\"td1\" valign=\"middle\"><p class=\"p4\"><span class=\"s1\">10,00 $<\/span><\/p><\/td><td class=\"td1\" valign=\"middle\"><p class=\"p5\"><span class=\"s1\">22,50 $<\/span><\/p><\/td><\/tr><tr><td class=\"td1\" valign=\"middle\"><p class=\"p8\">Grande remorque utilitaire \u2013 Demi-chargement<\/p><\/td><td class=\"td1\" valign=\"middle\"><p class=\"p4\"><span class=\"s1\">10,00 $<\/span><\/p><\/td><td class=\"td1\" valign=\"middle\"><p class=\"p5\"><span class=\"s1\">30,00 $<\/span><\/p><\/td><\/tr><tr><td class=\"td1\" valign=\"middle\"><p class=\"p8\">Grande remorque utilitaire \u2013 Chargement complet<\/p><\/td><td class=\"td1\" valign=\"middle\"><p class=\"p4\"><span class=\"s1\">20,00 $<\/span><\/p><\/td><td class=\"td1\" valign=\"middle\"><p class=\"p9\"><span class=\"s1\">45,00 $<\/span><\/p><\/td><\/tr><tr><td class=\"td1\" valign=\"middle\"><p class=\"p10\">Camion \u00e0 benne \/ camion \u00e0 gravier \u2013 Par chargement<\/p><\/td><td class=\"td1\" valign=\"middle\"><p class=\"p4\"><span class=\"s1\">350,00 $<\/span><\/p><\/td><td class=\"td1\" valign=\"middle\"><p class=\"p11\"><span class=\"s1\">525,00 $<\/span><\/p><\/td><\/tr><tr><td class=\"td1\" valign=\"middle\"><p class=\"p12\">Conteneur d\u2019entrepreneur \u2013 20 verges \u2013 Par chargement<\/p><\/td><td class=\"td1\" valign=\"middle\"><p class=\"p4\"><span class=\"s1\">500,00 $<\/span><\/p><\/td><td class=\"td1\" valign=\"middle\"><p class=\"p13\"><span class=\"s1\">750,00 $<\/span><\/p><\/td><\/tr><tr><td class=\"td1\" valign=\"middle\"><p class=\"p12\">Conteneur d\u2019entrepreneur \u2013 30 verges \u2013 Par chargement<\/p><\/td><td class=\"td1\" valign=\"middle\"><p class=\"p4\"><span class=\"s1\">750,00 $<\/span><\/p><\/td><td class=\"td1\" valign=\"middle\"><p class=\"p13\"><span class=\"s1\">1 125,00 $<\/span><\/p><\/td><\/tr><tr><td class=\"td1\" valign=\"middle\"><p class=\"p12\">Conteneur d\u2019entrepreneur \u2013 40 verges \u2013 Par chargement<\/p><\/td><td class=\"td1\" valign=\"middle\"><p class=\"p4\"><span class=\"s1\">1 000,00 $<\/span><\/p><\/td><td class=\"td1\" valign=\"middle\"><p class=\"p13\"><span class=\"s1\">1 500,00 $<\/span><\/p><\/td><\/tr><tr><td class=\"td1\" valign=\"middle\"><p class=\"p3\">Camion de d\u00e9chets contamin\u00e9s \u2013 Par chargement (approbation pr\u00e9alable des Travaux publics requise)<\/p><\/td><td class=\"td1\" valign=\"middle\"><p class=\"p4\"><span class=\"s1\">750.00 $<\/span><\/p><\/td><td class=\"td1\" valign=\"middle\"><p class=\"p14\"><span class=\"s1\">1125.00 $<\/span><\/p><\/td><\/tr><\/tbody><\/table>\t\t\t\t\t\t\t\t<\/div>\n\t\t<div class=\"elementor-element elementor-element-84aad8a e-con-full e-grid e-con e-child\" data-id=\"84aad8a\" data-element_type=\"container\" data-e-type=\"container\">\n\t\t\t\t<div class=\"elementor-element elementor-element-cc35d9c elementor-align-left elementor-widget elementor-widget-button\" data-id=\"cc35d9c\" data-element_type=\"widget\" data-e-type=\"widget\" data-widget_type=\"button.default\">\n\t\t\t\t\t\t\t\t\t\t<a class=\"elementor-button elementor-button-link elementor-size-sm\" href=\"https:\/\/dubreuilville.ca\/wp-content\/uploads\/2025\/06\/2024-08-REGULATING-LANDFILL-SITE.pdf\" target=\"_blank\">\n\t\t\t\t\t\t<span class=\"elementor-button-content-wrapper\">\n\t\t\t\t\t\t<span class=\"elementor-button-icon\">\n\t\t\t\t<i aria-hidden=\"true\" class=\"far fa-file-pdf\"><\/i>\t\t\t<\/span>\n\t\t\t\t\t\t\t\t\t<span class=\"elementor-button-text\">R\u00e8glement 2024-08 Site d'enfouissement EN<\/span>\n\t\t\t\t\t<\/span>\n\t\t\t\t\t<\/a>\n\t\t\t\t\t\t\t\t<\/div>\n\t\t\t\t<div class=\"elementor-element elementor-element-bc2aad4 elementor-align-left elementor-widget elementor-widget-button\" data-id=\"bc2aad4\" data-element_type=\"widget\" data-e-type=\"widget\" data-widget_type=\"button.default\">\n\t\t\t\t\t\t\t\t\t\t<a class=\"elementor-button elementor-button-link elementor-size-sm\" href=\"https:\/\/dubreuilville.ca\/wp-content\/uploads\/2025\/09\/By-Law-No.-2025-38-Aug.-27-2025-User-Fees-and-Charges-updated.pdf\" target=\"_blank\">\n\t\t\t\t\t\t<span class=\"elementor-button-content-wrapper\">\n\t\t\t\t\t\t<span class=\"elementor-button-icon\">\n\t\t\t\t<i aria-hidden=\"true\" class=\"far fa-file-pdf\"><\/i>\t\t\t<\/span>\n\t\t\t\t\t\t\t\t\t<span class=\"elementor-button-text\">R\u00e8glement no 2025-38 sur les frais d\u2019utilisation EN<\/span>\n\t\t\t\t\t<\/span>\n\t\t\t\t\t<\/a>\n\t\t\t\t\t\t\t\t<\/div>\n\t\t\t\t<div class=\"elementor-element elementor-element-1183072 elementor-widget elementor-widget-button\" data-id=\"1183072\" data-element_type=\"widget\" data-e-type=\"widget\" data-widget_type=\"button.default\">\n\t\t\t\t\t\t\t\t\t\t<a class=\"elementor-button elementor-button-link elementor-size-sm\" href=\"https:\/\/dubreuilville.ca\/wp-content\/uploads\/2025\/06\/2022-26-REGULATING-GARBAGE-COLLECTION.pdf\" target=\"_blank\">\n\t\t\t\t\t\t<span class=\"elementor-button-content-wrapper\">\n\t\t\t\t\t\t<span class=\"elementor-button-icon\">\n\t\t\t\t<i aria-hidden=\"true\" class=\"far fa-file-pdf\"><\/i>\t\t\t<\/span>\n\t\t\t\t\t\t\t\t\t<span class=\"elementor-button-text\">R\u00e8glement no 2022-26 sur la collecte des d\u00e9chets EN<\/span>\n\t\t\t\t\t<\/span>\n\t\t\t\t\t<\/a>\n\t\t\t\t\t\t\t\t<\/div>\n\t\t\t\t<\/div>\n\t\t\t\t\t<\/div>\n\t\t\t\t<\/div>\n\t\t<div class=\"elementor-element elementor-element-3af4cd0 animated-slow e-flex e-con-boxed elementor-invisible e-con e-parent\" data-id=\"3af4cd0\" data-element_type=\"container\" data-e-type=\"container\" data-settings=\"{&quot;animation&quot;:&quot;fadeIn&quot;,&quot;animation_delay&quot;:250}\">\n\t\t\t\t\t<div class=\"e-con-inner\">\n\t\t<div class=\"elementor-element elementor-element-7c038e6 e-con-full e-flex e-con e-child\" data-id=\"7c038e6\" data-element_type=\"container\" data-e-type=\"container\">\n\t\t\t\t<div class=\"elementor-element elementor-element-9f1df9b elementor-widget elementor-widget-heading\" data-id=\"9f1df9b\" data-element_type=\"widget\" data-e-type=\"widget\" data-widget_type=\"heading.default\">\n\t\t\t\t\t<h4 class=\"elementor-heading-title elementor-size-default\"><a href=\"https:\/\/dubreuilville.ca\/fr\/notre-communite\/collecte-des-ordures-et-recyclage\/reglement-sur-la-collecte-des-dechets-residentiels\/?open-ea11y-assistant=1&#038;open-ea11y-assistant-src=WP\">R\u00e8glement sur la collecte des d\u00e9chets r\u00e9sidentiels<\/a><\/h4>\t\t\t\t<\/div>\n\t\t\t\t<div class=\"elementor-element elementor-element-57d0296 elementor-align-left elementor-widget elementor-widget-button\" data-id=\"57d0296\" data-element_type=\"widget\" data-e-type=\"widget\" data-widget_type=\"button.default\">\n\t\t\t\t\t\t\t\t\t\t<a class=\"elementor-button elementor-button-link elementor-size-sm\" href=\"https:\/\/dubreuilville.ca\/fr\/notre-communite\/collecte-des-ordures-et-recyclage\/reglement-sur-la-collecte-des-dechets-residentiels\/?open-ea11y-assistant=1&#038;open-ea11y-assistant-src=WP\">\n\t\t\t\t\t\t<span class=\"elementor-button-content-wrapper\">\n\t\t\t\t\t\t<span class=\"elementor-button-icon\">\n\t\t\t\t<i aria-hidden=\"true\" class=\"fas fa-arrow-right\"><\/i>\t\t\t<\/span>\n\t\t\t\t\t\t\t\t<\/span>\n\t\t\t\t\t<\/a>\n\t\t\t\t\t\t\t\t<\/div>\n\t\t\t\t<\/div>\n\t\t<div class=\"elementor-element elementor-element-735b6d7 e-con-full e-flex e-con e-child\" data-id=\"735b6d7\" data-element_type=\"container\" data-e-type=\"container\">\n\t\t\t\t<div class=\"elementor-element elementor-element-4be1dcd elementor-widget elementor-widget-heading\" data-id=\"4be1dcd\" data-element_type=\"widget\" data-e-type=\"widget\" data-widget_type=\"heading.default\">\n\t\t\t\t\t<h4 class=\"elementor-heading-title elementor-size-default\"><a href=\"https:\/\/dubreuilville.ca\/fr\/notre-communite\/collecte-des-ordures-et-recyclage\/reglement-sur-les-dechets-commerciaux-et-industriels\/?open-ea11y-assistant=1&#038;open-ea11y-assistant-src=WP\">R\u00e8glement - d\u00e9chets commerciaux et industriels<\/a><\/h4>\t\t\t\t<\/div>\n\t\t\t\t<div class=\"elementor-element elementor-element-6f117ca elementor-align-left elementor-widget elementor-widget-button\" data-id=\"6f117ca\" data-element_type=\"widget\" data-e-type=\"widget\" data-widget_type=\"button.default\">\n\t\t\t\t\t\t\t\t\t\t<a class=\"elementor-button elementor-button-link elementor-size-sm\" href=\"https:\/\/dubreuilville.ca\/fr\/notre-communite\/collecte-des-ordures-et-recyclage\/reglement-sur-les-dechets-commerciaux-et-industriels\/?open-ea11y-assistant=1&#038;open-ea11y-assistant-src=WP\">\n\t\t\t\t\t\t<span class=\"elementor-button-content-wrapper\">\n\t\t\t\t\t\t<span class=\"elementor-button-icon\">\n\t\t\t\t<i aria-hidden=\"true\" class=\"fas fa-arrow-right\"><\/i>\t\t\t<\/span>\n\t\t\t\t\t\t\t\t<\/span>\n\t\t\t\t\t<\/a>\n\t\t\t\t\t\t\t\t<\/div>\n\t\t\t\t<\/div>\n\t\t<div class=\"elementor-element elementor-element-4cfa42d e-con-full e-flex e-con e-child\" data-id=\"4cfa42d\" data-element_type=\"container\" data-e-type=\"container\">\n\t\t\t\t<div class=\"elementor-element elementor-element-3af9e03 elementor-widget elementor-widget-heading\" data-id=\"3af9e03\" data-element_type=\"widget\" data-e-type=\"widget\" data-widget_type=\"heading.default\">\n\t\t\t\t\t<h4 class=\"elementor-heading-title elementor-size-default\"><a href=\"https:\/\/dubreuilville.ca\/fr\/notre-communite\/collecte-des-ordures-et-recyclage\/programme-de-recyclage\/?open-ea11y-assistant=1&#038;open-ea11y-assistant-src=WP\">Programme de recyclage<\/a><\/h4>\t\t\t\t<\/div>\n\t\t\t\t<div class=\"elementor-element elementor-element-9f3ce1d elementor-align-left elementor-widget elementor-widget-button\" data-id=\"9f3ce1d\" data-element_type=\"widget\" data-e-type=\"widget\" data-widget_type=\"button.default\">\n\t\t\t\t\t\t\t\t\t\t<a class=\"elementor-button elementor-button-link elementor-size-sm\" href=\"https:\/\/dubreuilville.ca\/fr\/notre-communite\/collecte-des-ordures-et-recyclage\/programme-de-recyclage\/?open-ea11y-assistant=1&#038;open-ea11y-assistant-src=WP\">\n\t\t\t\t\t\t<span class=\"elementor-button-content-wrapper\">\n\t\t\t\t\t\t<span class=\"elementor-button-icon\">\n\t\t\t\t<i aria-hidden=\"true\" class=\"fas fa-arrow-right\"><\/i>\t\t\t<\/span>\n\t\t\t\t\t\t\t\t<\/span>\n\t\t\t\t\t<\/a>\n\t\t\t\t\t\t\t\t<\/div>\n\t\t\t\t<\/div>\n\t\t\t\t\t<\/div>\n\t\t\t\t<\/div>\n\t\t<div class=\"elementor-element elementor-element-5cb6bf1 e-flex e-con-boxed e-con e-parent\" data-id=\"5cb6bf1\" data-element_type=\"container\" data-e-type=\"container\">\n\t\t\t\t\t<div class=\"e-con-inner\">\n\t\t\t\t\t<\/div>\n\t\t\t\t<\/div>\n\t\t<div class=\"elementor-element elementor-element-d27595c e-flex e-con-boxed e-con e-parent\" data-id=\"d27595c\" data-element_type=\"container\" data-e-type=\"container\">\n\t\t\t\t\t<div class=\"e-con-inner\">\n\t\t\t\t\t<\/div>\n\t\t\t\t<\/div>\n\t\t\t\t<\/div>\n\t\t","protected":false},"excerpt":{"rendered":"<p>La Corporation du Canton de Dubreuilville Site d\u2019enfouissement \u2013 20, chemin Goudreau Heures d\u2019ouverture du site d\u2019enfouissement : Du lundi au samedi De 12 h \u00e0 17 h Jeudi (1er mai au 30 septembre) De 19 h \u00e0 21 h Veuillez noter que les propri\u00e9t\u00e9s r\u00e9sidentielles dont les taxes sont \u00e0 jour sont admissibles \u00e0 [&hellip;]<\/p>\n","protected":false},"author":4,"featured_media":0,"parent":1588,"menu_order":0,"comment_status":"closed","ping_status":"closed","template":"","meta":{"_acf_changed":false,"footnotes":""},"class_list":["post-8936","page","type-page","status-publish","hentry"],"acf":[],"_links":{"self":[{"href":"https:\/\/dubreuilville.ca\/fr\/wp-json\/wp\/v2\/pages\/8936","targetHints":{"allow":["GET"]}}],"collection":[{"href":"https:\/\/dubreuilville.ca\/fr\/wp-json\/wp\/v2\/pages"}],"about":[{"href":"https:\/\/dubreuilville.ca\/fr\/wp-json\/wp\/v2\/types\/page"}],"author":[{"embeddable":true,"href":"https:\/\/dubreuilville.ca\/fr\/wp-json\/wp\/v2\/users\/4"}],"replies":[{"embeddable":true,"href":"https:\/\/dubreuilville.ca\/fr\/wp-json\/wp\/v2\/comments?post=8936"}],"version-history":[{"count":0,"href":"https:\/\/dubreuilville.ca\/fr\/wp-json\/wp\/v2\/pages\/8936\/revisions"}],"up":[{"embeddable":true,"href":"https:\/\/dubreuilville.ca\/fr\/wp-json\/wp\/v2\/pages\/1588"}],"wp:attachment":[{"href":"https:\/\/dubreuilville.ca\/fr\/wp-json\/wp\/v2\/media?parent=8936"}],"curies":[{"name":"wp","href":"https:\/\/api.w.org\/{rel}","templated":true}]}}