{"id":1572,"date":"2023-10-10T13:49:31","date_gmt":"2023-10-10T17:49:31","guid":{"rendered":"https:\/\/dubreuilville.ca\/?page_id=1572"},"modified":"2026-03-17T14:15:40","modified_gmt":"2026-03-17T18:15:40","slug":"prestataires-de-soins-de-sante-et-de-securite","status":"publish","type":"page","link":"https:\/\/dubreuilville.ca\/fr\/notre-communite\/prestataires-de-soins-de-sante-et-de-securite\/","title":{"rendered":"Sant\u00e9 et de s\u00e9curit\u00e9 communautaires"},"content":{"rendered":"\t\t<div data-elementor-type=\"wp-page\" data-elementor-id=\"1572\" class=\"elementor elementor-1572 elementor-65\" data-elementor-post-type=\"page\">\n\t\t\t\t<div class=\"elementor-element elementor-element-62981d8 e-flex e-con-boxed e-con e-parent\" data-id=\"62981d8\" data-element_type=\"container\" data-e-type=\"container\">\n\t\t\t\t\t<div class=\"e-con-inner\">\n\t\t\t\t<div class=\"elementor-element elementor-element-b4b659b elementor-widget elementor-widget-heading\" data-id=\"b4b659b\" data-element_type=\"widget\" data-e-type=\"widget\" data-widget_type=\"heading.default\">\n\t\t\t\t\t<h2 class=\"elementor-heading-title elementor-size-default\">Plan de s\u00e9curit\u00e9 et de bien-\u00eatre communautaire<\/h2>\t\t\t\t<\/div>\n\t\t\t\t<div class=\"elementor-element elementor-element-65a6a36 elementor-widget elementor-widget-text-editor\" data-id=\"65a6a36\" data-element_type=\"widget\" data-e-type=\"widget\" data-widget_type=\"text-editor.default\">\n\t\t\t\t\t\t\t\t\t<p class=\"p1\">L\u2019objectif de la planification en mati\u00e8re de s\u00e9curit\u00e9 et de bien-\u00eatre communautaires est de cr\u00e9er des communaut\u00e9s durables o\u00f9 chacun est en s\u00e9curit\u00e9, \u00e9prouve un sentiment d\u2019appartenance, a des occasions de participer, et o\u00f9 les individus et les familles sont en mesure de r\u00e9pondre \u00e0 leurs besoins en mati\u00e8re d\u2019\u00e9ducation, de soins de sant\u00e9, d\u2019alimentation, de logement, de revenu ainsi que d\u2019expression sociale et culturelle. Le succ\u00e8s de la soci\u00e9t\u00e9 est li\u00e9 au bien-\u00eatre de chacune et de chacun.<\/p>\t\t\t\t\t\t\t\t<\/div>\n\t\t\t\t<div class=\"elementor-element elementor-element-e7bb966 elementor-widget elementor-widget-button\" data-id=\"e7bb966\" data-element_type=\"widget\" data-e-type=\"widget\" data-widget_type=\"button.default\">\n\t\t\t\t\t\t\t\t\t\t<a class=\"elementor-button elementor-button-link elementor-size-sm\" href=\"https:\/\/dubreuilville.ca\/wp-content\/uploads\/2025\/06\/2020-60-MISCELLANEOUS-EMERGENCY-MANAGEMENT.pdf\" target=\"_blank\">\n\t\t\t\t\t\t<span class=\"elementor-button-content-wrapper\">\n\t\t\t\t\t\t<span class=\"elementor-button-icon\">\n\t\t\t\t<i aria-hidden=\"true\" class=\"fas fa-arrow-right\"><\/i>\t\t\t<\/span>\n\t\t\t\t\t\t\t\t\t<span class=\"elementor-button-text\">Lire le plan<\/span>\n\t\t\t\t\t<\/span>\n\t\t\t\t\t<\/a>\n\t\t\t\t\t\t\t\t<\/div>\n\t\t\t\t<div class=\"elementor-element elementor-element-7927c1f elementor-widget elementor-widget-heading\" data-id=\"7927c1f\" data-element_type=\"widget\" data-e-type=\"widget\" data-widget_type=\"heading.default\">\n\t\t\t\t\t<h2 class=\"elementor-heading-title elementor-size-default\">Fournisseurs de services de sant\u00e9 et de s\u00e9curit\u00e9<\/h2>\t\t\t\t<\/div>\n\t\t\t\t<div class=\"elementor-element elementor-element-7a33e3c elementor-widget elementor-widget-text-editor\" data-id=\"7a33e3c\" data-element_type=\"widget\" data-e-type=\"widget\" data-widget_type=\"text-editor.default\">\n\t\t\t\t\t\t\t\t\t<h6 class=\"p1\">Des services de sant\u00e9 et des services sociaux de qualit\u00e9 et accessibles sont offerts dans la communaut\u00e9 gr\u00e2ce \u00e0 des partenariats avec les principaux fournisseurs de soins de Wawa.<\/h6><p data-start=\"285\" data-end=\"475\">Le poste de soins infirmiers de Dubreuilville est dot\u00e9 d\u2019une infirmi\u00e8re praticienne et d\u2019une infirmi\u00e8re autoris\u00e9e, du lundi au vendredi. De plus, des visites mensuelles de m\u00e9decins ont lieu.<\/p><p data-start=\"477\" data-end=\"742\">La Police provinciale de l\u2019Ontario et le Conseil des services du district d\u2019Algoma assurent les services policiers et param\u00e9dicaux \u00e0 la communaut\u00e9, et le Canton de Dubreuilville est fier de compter sur un service d\u2019incendie volontaire enti\u00e8rement dot\u00e9 en personnel.<\/p><p data-start=\"744\" data-end=\"845\">La plupart des services sont offerts dans les deux langues officielles. La liste compl\u00e8te est la suivante :<\/p>\t\t\t\t\t\t\t\t<\/div>\n\t\t\t\t\t<\/div>\n\t\t\t\t<\/div>\n\t\t<div class=\"elementor-element elementor-element-35aa836 e-flex e-con-boxed e-con e-parent\" data-id=\"35aa836\" data-element_type=\"container\" data-e-type=\"container\">\n\t\t\t\t\t<div class=\"e-con-inner\">\n\t\t\t\t<div class=\"elementor-element elementor-element-8c1246d elementor-widget elementor-widget-text-editor\" data-id=\"8c1246d\" data-element_type=\"widget\" data-e-type=\"widget\" data-widget_type=\"text-editor.default\">\n\t\t\t\t\t\t\t\t\t<h6>Pour de plus amples renseignements concernant l\u2019un des services \u00e9num\u00e9r\u00e9s, veuillez communiquer avec nous au <a href=\"tel:705-884-2340\">705-884-2340<\/a><strong data-start=\"212\" data-end=\"239\"><a href=\"tel:705-884-2340\">\u00a0<\/a><\/strong>poste 121, ou par courriel \u00e0 <a href=\"mailto:lblanchette@dubreuilville.ca\">lblanchette@dubreuilville.ca<\/a>.<\/h6>\t\t\t\t\t\t\t\t<\/div>\n\t\t\t\t<div class=\"elementor-element elementor-element-83360a1 elementor-widget elementor-widget-n-accordion\" data-id=\"83360a1\" data-element_type=\"widget\" data-e-type=\"widget\" data-settings=\"{&quot;default_state&quot;:&quot;all_collapsed&quot;,&quot;max_items_expended&quot;:&quot;one&quot;,&quot;n_accordion_animation_duration&quot;:{&quot;unit&quot;:&quot;ms&quot;,&quot;size&quot;:400,&quot;sizes&quot;:[]}}\" data-widget_type=\"nested-accordion.default\">\n\t\t\t\t\t\t\t<div class=\"e-n-accordion\" aria-label=\"Accordion. Open links with Enter or Space, close with Escape, and navigate with Arrow Keys\">\n\t\t\t\t\t\t<details id=\"e-n-accordion-item-1370\" class=\"e-n-accordion-item\" >\n\t\t\t\t<summary class=\"e-n-accordion-item-title\" data-accordion-index=\"1\" tabindex=\"0\" aria-expanded=\"false\" aria-controls=\"e-n-accordion-item-1370\" >\n\t\t\t\t\t<span class='e-n-accordion-item-title-header'><div class=\"e-n-accordion-item-title-text\"> Association canadienne pour la sant\u00e9 mentale \u2013 Algoma <\/div><\/span>\n\t\t\t\t\t\t\t<span class='e-n-accordion-item-title-icon'>\n\t\t\t<span class='e-opened' ><i aria-hidden=\"true\" class=\"fas fa-minus\"><\/i><\/span>\n\t\t\t<span class='e-closed'><i aria-hidden=\"true\" class=\"fas fa-plus\"><\/i><\/span>\n\t\t<\/span>\n\n\t\t\t\t\t\t<\/summary>\n\t\t\t\t<div role=\"region\" aria-labelledby=\"e-n-accordion-item-1370\" class=\"elementor-element elementor-element-b8ad076 e-flex e-con-boxed e-con e-child\" data-id=\"b8ad076\" data-element_type=\"container\" data-e-type=\"container\">\n\t\t\t\t\t<div class=\"e-con-inner\">\n\t\t<div role=\"region\" aria-labelledby=\"e-n-accordion-item-1370\" class=\"elementor-element elementor-element-ef16772 e-con-full e-flex e-con e-child\" data-id=\"ef16772\" data-element_type=\"container\" data-e-type=\"container\">\n\t\t\t\t<div class=\"elementor-element elementor-element-c50fce6 elementor-widget elementor-widget-text-editor\" data-id=\"c50fce6\" data-element_type=\"widget\" data-e-type=\"widget\" data-widget_type=\"text-editor.default\">\n\t\t\t\t\t\t\t\t\t<p data-start=\"94\" data-end=\"216\">Offre des services en sant\u00e9 mentale et en traitement des d\u00e9pendances aux personnes de tous \u00e2ges ainsi qu\u2019\u00e0 leurs familles.<\/p><p data-start=\"218\" data-end=\"312\">Personnel situ\u00e9 \u00e0 Wawa (Ontario). Services administr\u00e9s \u00e0 partir de Sault Ste. Marie (Ontario).<\/p><p data-start=\"314\" data-end=\"359\">Les rendez-vous peuvent \u00eatre pris \u00e0 l\u2019avance.<\/p><p class=\"p1\"><a href=\"https:\/\/ssm-algoma.cmha.ca\/\" target=\"_blank\" rel=\"noopener\">https:\/\/ssm-algoma.cmha.ca\/<\/a>\u00a0<\/p><h5 class=\"p1\">Ligne de crise <a href=\"tel:1-800-721-0077\">1-800-721-0077<\/a><\/h5>\t\t\t\t\t\t\t\t<\/div>\n\t\t\t\t<\/div>\n\t\t\t\t\t<\/div>\n\t\t\t\t<\/div>\n\t\t\t\t\t<\/details>\n\t\t\t\t\t\t<details id=\"e-n-accordion-item-1371\" class=\"e-n-accordion-item\" >\n\t\t\t\t<summary class=\"e-n-accordion-item-title\" data-accordion-index=\"2\" tabindex=\"-1\" aria-expanded=\"false\" aria-controls=\"e-n-accordion-item-1371\" >\n\t\t\t\t\t<span class='e-n-accordion-item-title-header'><div class=\"e-n-accordion-item-title-text\"> Autobus mobile de d\u00e9pistage du cancer du sein (Screen for Life Coach) <\/div><\/span>\n\t\t\t\t\t\t\t<span class='e-n-accordion-item-title-icon'>\n\t\t\t<span class='e-opened' ><i aria-hidden=\"true\" class=\"fas fa-minus\"><\/i><\/span>\n\t\t\t<span class='e-closed'><i aria-hidden=\"true\" class=\"fas fa-plus\"><\/i><\/span>\n\t\t<\/span>\n\n\t\t\t\t\t\t<\/summary>\n\t\t\t\t<div role=\"region\" aria-labelledby=\"e-n-accordion-item-1371\" class=\"elementor-element elementor-element-13bd28b e-flex e-con-boxed e-con e-child\" data-id=\"13bd28b\" data-element_type=\"container\" data-e-type=\"container\">\n\t\t\t\t\t<div class=\"e-con-inner\">\n\t\t<div role=\"region\" aria-labelledby=\"e-n-accordion-item-1371\" class=\"elementor-element elementor-element-2ec67bb e-con-full e-flex e-con e-child\" data-id=\"2ec67bb\" data-element_type=\"container\" data-e-type=\"container\">\n\t\t\t\t<div class=\"elementor-element elementor-element-c65ed5a elementor-widget elementor-widget-text-editor\" data-id=\"c65ed5a\" data-element_type=\"widget\" data-e-type=\"widget\" data-widget_type=\"text-editor.default\">\n\t\t\t\t\t\t\t\t\t<p data-start=\"56\" data-end=\"185\">Un autobus mobile de d\u00e9pistage du cancer offrant des services de d\u00e9pistage du cancer du sein, du col de l\u2019ut\u00e9rus et du c\u00f4lon.<\/p><p data-start=\"187\" data-end=\"219\">Service offert annuellement.<\/p><p class=\"p1\"><a href=\"https:\/\/tbrhsc.net\/programs-services\/regional-cancer-care\/information-for-patients-and-families\/cancer-screening\/screen-for-life\/\" target=\"_blank\" rel=\"noopener\">https:\/\/tbrhsc.net\/programs-services\/regional-cancer-care\/information-for-patients-and-families\/cancer-screening\/screen-for-life\/<\/a>\u00a0 Appelez <a href=\"tel:1-800-461-7031\">1-800-461-7031<\/a><\/p><p><img decoding=\"async\" src=\"https:\/\/dubreuilville.ca\/wp-content\/uploads\/2025\/09\/tbrhsc-coach-2017-header.jpg\" \/><\/p>\t\t\t\t\t\t\t\t<\/div>\n\t\t\t\t<\/div>\n\t\t\t\t\t<\/div>\n\t\t\t\t<\/div>\n\t\t\t\t\t<\/details>\n\t\t\t\t\t\t<details id=\"e-n-accordion-item-1372\" class=\"e-n-accordion-item\" >\n\t\t\t\t<summary class=\"e-n-accordion-item-title\" data-accordion-index=\"3\" tabindex=\"-1\" aria-expanded=\"false\" aria-controls=\"e-n-accordion-item-1372\" >\n\t\t\t\t\t<span class='e-n-accordion-item-title-header'><div class=\"e-n-accordion-item-title-text\"> Banque alimentaire de Dubreuilville <\/div><\/span>\n\t\t\t\t\t\t\t<span class='e-n-accordion-item-title-icon'>\n\t\t\t<span class='e-opened' ><i aria-hidden=\"true\" class=\"fas fa-minus\"><\/i><\/span>\n\t\t\t<span class='e-closed'><i aria-hidden=\"true\" class=\"fas fa-plus\"><\/i><\/span>\n\t\t<\/span>\n\n\t\t\t\t\t\t<\/summary>\n\t\t\t\t<div role=\"region\" aria-labelledby=\"e-n-accordion-item-1372\" class=\"elementor-element elementor-element-3ab73f2 e-flex e-con-boxed e-con e-child\" data-id=\"3ab73f2\" data-element_type=\"container\" data-e-type=\"container\">\n\t\t\t\t\t<div class=\"e-con-inner\">\n\t\t<div role=\"region\" aria-labelledby=\"e-n-accordion-item-1372\" class=\"elementor-element elementor-element-7b6322b e-con-full e-flex e-con e-child\" data-id=\"7b6322b\" data-element_type=\"container\" data-e-type=\"container\">\n\t\t\t\t<div class=\"elementor-element elementor-element-aa02526 elementor-widget elementor-widget-text-editor\" data-id=\"aa02526\" data-element_type=\"widget\" data-e-type=\"widget\" data-widget_type=\"text-editor.default\">\n\t\t\t\t\t\t\t\t\t<p class=\"isSelectedEnd\">La banque alimentaire offre des coupons d\u2019\u00e9picerie aux personnes et aux familles dans le besoin pour les aider \u00e0 se nourrir.<\/p><p>Ce n\u2019est pas une aide financi\u00e8re r\u00e9guli\u00e8re, mais un soutien temporaire pour des besoins imm\u00e9diats.<\/p><p class=\"p1\"><strong>Canton de Dubreuilville<\/strong><br \/><a href=\"tel:705-884-2340\">705-884-2340<\/a><\/p>\t\t\t\t\t\t\t\t<\/div>\n\t\t\t\t<\/div>\n\t\t\t\t\t<\/div>\n\t\t\t\t<\/div>\n\t\t\t\t\t<\/details>\n\t\t\t\t\t\t<details id=\"e-n-accordion-item-1373\" class=\"e-n-accordion-item\" >\n\t\t\t\t<summary class=\"e-n-accordion-item-title\" data-accordion-index=\"4\" tabindex=\"-1\" aria-expanded=\"false\" aria-controls=\"e-n-accordion-item-1373\" >\n\t\t\t\t\t<span class='e-n-accordion-item-title-header'><div class=\"e-n-accordion-item-title-text\"> Centre de sant\u00e9 Lady Dunn <\/div><\/span>\n\t\t\t\t\t\t\t<span class='e-n-accordion-item-title-icon'>\n\t\t\t<span class='e-opened' ><i aria-hidden=\"true\" class=\"fas fa-minus\"><\/i><\/span>\n\t\t\t<span class='e-closed'><i aria-hidden=\"true\" class=\"fas fa-plus\"><\/i><\/span>\n\t\t<\/span>\n\n\t\t\t\t\t\t<\/summary>\n\t\t\t\t<div role=\"region\" aria-labelledby=\"e-n-accordion-item-1373\" class=\"elementor-element elementor-element-67252a4 e-flex e-con-boxed e-con e-child\" data-id=\"67252a4\" data-element_type=\"container\" data-e-type=\"container\">\n\t\t\t\t\t<div class=\"e-con-inner\">\n\t\t<div role=\"region\" aria-labelledby=\"e-n-accordion-item-1373\" class=\"elementor-element elementor-element-38b34f2 e-con-full e-flex e-con e-child\" data-id=\"38b34f2\" data-element_type=\"container\" data-e-type=\"container\">\n\t\t\t\t<div class=\"elementor-element elementor-element-5e3bb79 elementor-widget elementor-widget-text-editor\" data-id=\"5e3bb79\" data-element_type=\"widget\" data-e-type=\"widget\" data-widget_type=\"text-editor.default\">\n\t\t\t\t\t\t\t\t\t<ul><li>Soins de courte dur\u00e9e et soins de longue dur\u00e9e<\/li><li>Imagerie diagnostique<\/li><li>Services de laboratoire<\/li><li>Services d\u2019urgence<\/li><li>Physioth\u00e9rapie<\/li><li>Services de di\u00e9t\u00e9tiste \/ counseling en diab\u00e8te<\/li><li>Soutien en oncologie<\/li><\/ul><p>17, chemin Government<br \/>Wawa (Ontario)<\/p><p><a href=\"tel:705-856-2335\">705-856-2335<\/a><\/p><p><a href=\"https:\/\/www.ldhc.com\/\" target=\"_blank\" rel=\"noopener\">https:\/\/www.ldhc.com\/<\/a><\/p>\t\t\t\t\t\t\t\t<\/div>\n\t\t\t\t<\/div>\n\t\t\t\t\t<\/div>\n\t\t\t\t<\/div>\n\t\t\t\t\t<\/details>\n\t\t\t\t\t\t<details id=\"e-n-accordion-item-1374\" class=\"e-n-accordion-item\" >\n\t\t\t\t<summary class=\"e-n-accordion-item-title\" data-accordion-index=\"5\" tabindex=\"-1\" aria-expanded=\"false\" aria-controls=\"e-n-accordion-item-1374\" >\n\t\t\t\t\t<span class='e-n-accordion-item-title-header'><div class=\"e-n-accordion-item-title-text\"> Centre m\u00e9dical de Dubreuilville <\/div><\/span>\n\t\t\t\t\t\t\t<span class='e-n-accordion-item-title-icon'>\n\t\t\t<span class='e-opened' ><i aria-hidden=\"true\" class=\"fas fa-minus\"><\/i><\/span>\n\t\t\t<span class='e-closed'><i aria-hidden=\"true\" class=\"fas fa-plus\"><\/i><\/span>\n\t\t<\/span>\n\n\t\t\t\t\t\t<\/summary>\n\t\t\t\t<div role=\"region\" aria-labelledby=\"e-n-accordion-item-1374\" class=\"elementor-element elementor-element-2a77c48 e-flex e-con-boxed e-con e-child\" data-id=\"2a77c48\" data-element_type=\"container\" data-e-type=\"container\">\n\t\t\t\t\t<div class=\"e-con-inner\">\n\t\t<div role=\"region\" aria-labelledby=\"e-n-accordion-item-1374\" class=\"elementor-element elementor-element-f56ed0c e-con-full e-flex e-con e-child\" data-id=\"f56ed0c\" data-element_type=\"container\" data-e-type=\"container\">\n\t\t\t\t<div class=\"elementor-element elementor-element-ab068df elementor-widget elementor-widget-text-editor\" data-id=\"ab068df\" data-element_type=\"widget\" data-e-type=\"widget\" data-widget_type=\"text-editor.default\">\n\t\t\t\t\t\t\t\t\t<p class=\"p1\">Offre des soins de sant\u00e9 primaires (une infirmi\u00e8re praticienne et une infirmi\u00e8re autoris\u00e9e).<\/p><p class=\"p1\"><a href=\"tel:705-884-2884\">705-884-2884<\/a> ou <a href=\"tel:705-856-2335\">705-856-2335<\/a><\/p><p class=\"p2\"><a href=\"https:\/\/www.ldhc.com\/\" target=\"_blank\" rel=\"noopener\">https:\/\/www.ldhc.com\/<\/a><\/p>\t\t\t\t\t\t\t\t<\/div>\n\t\t\t\t<\/div>\n\t\t\t\t\t<\/div>\n\t\t\t\t<\/div>\n\t\t\t\t\t<\/details>\n\t\t\t\t\t\t<details id=\"e-n-accordion-item-1375\" class=\"e-n-accordion-item\" >\n\t\t\t\t<summary class=\"e-n-accordion-item-title\" data-accordion-index=\"6\" tabindex=\"-1\" aria-expanded=\"false\" aria-controls=\"e-n-accordion-item-1375\" >\n\t\t\t\t\t<span class='e-n-accordion-item-title-header'><div class=\"e-n-accordion-item-title-text\"> Centre sup\u00e9rieur d'enfants <\/div><\/span>\n\t\t\t\t\t\t\t<span class='e-n-accordion-item-title-icon'>\n\t\t\t<span class='e-opened' ><i aria-hidden=\"true\" class=\"fas fa-minus\"><\/i><\/span>\n\t\t\t<span class='e-closed'><i aria-hidden=\"true\" class=\"fas fa-plus\"><\/i><\/span>\n\t\t<\/span>\n\n\t\t\t\t\t\t<\/summary>\n\t\t\t\t<div role=\"region\" aria-labelledby=\"e-n-accordion-item-1375\" class=\"elementor-element elementor-element-1a8f97c e-flex e-con-boxed e-con e-child\" data-id=\"1a8f97c\" data-element_type=\"container\" data-e-type=\"container\">\n\t\t\t\t\t<div class=\"e-con-inner\">\n\t\t<div role=\"region\" aria-labelledby=\"e-n-accordion-item-1375\" class=\"elementor-element elementor-element-d541e88 e-con-full e-flex e-con e-child\" data-id=\"d541e88\" data-element_type=\"container\" data-e-type=\"container\">\n\t\t\t\t<div class=\"elementor-element elementor-element-fe7ebe1 elementor-widget elementor-widget-text-editor\" data-id=\"fe7ebe1\" data-element_type=\"widget\" data-e-type=\"widget\" data-widget_type=\"text-editor.default\">\n\t\t\t\t\t\t\t\t\t<p data-start=\"56\" data-end=\"138\">Offre des services de garde en fran\u00e7ais avec une grande vari\u00e9t\u00e9 de programmes.<\/p><p data-start=\"140\" data-end=\"196\">Dubreuilville (Ontario) &#8211; <a href=\"tel:705-884-1496\">705-884-1496<\/a><\/p><p data-start=\"198\" data-end=\"245\">Wawa (Ontario) &#8211; <a href=\"tel:705-856-2178\">705-856-2178<\/a><\/p><p data-start=\"198\" data-end=\"245\"><a class=\"decorated-link\" href=\"https:\/\/superiorchildrenscentre.com\/\" target=\"_blank\" rel=\"noopener\" data-start=\"264\" data-end=\"300\" data-is-last-node=\"\">https:\/\/superiorchildrenscentre.com\/<\/a><\/p>\t\t\t\t\t\t\t\t<\/div>\n\t\t\t\t<\/div>\n\t\t\t\t\t<\/div>\n\t\t\t\t<\/div>\n\t\t\t\t\t<\/details>\n\t\t\t\t\t\t<details id=\"e-n-accordion-item-1376\" class=\"e-n-accordion-item\" >\n\t\t\t\t<summary class=\"e-n-accordion-item-title\" data-accordion-index=\"7\" tabindex=\"-1\" aria-expanded=\"false\" aria-controls=\"e-n-accordion-item-1376\" >\n\t\t\t\t\t<span class='e-n-accordion-item-title-header'><div class=\"e-n-accordion-item-title-text\"> Centre Victoria pour femmes <\/div><\/span>\n\t\t\t\t\t\t\t<span class='e-n-accordion-item-title-icon'>\n\t\t\t<span class='e-opened' ><i aria-hidden=\"true\" class=\"fas fa-minus\"><\/i><\/span>\n\t\t\t<span class='e-closed'><i aria-hidden=\"true\" class=\"fas fa-plus\"><\/i><\/span>\n\t\t<\/span>\n\n\t\t\t\t\t\t<\/summary>\n\t\t\t\t<div role=\"region\" aria-labelledby=\"e-n-accordion-item-1376\" class=\"elementor-element elementor-element-60bae85 e-flex e-con-boxed e-con e-child\" data-id=\"60bae85\" data-element_type=\"container\" data-e-type=\"container\">\n\t\t\t\t\t<div class=\"e-con-inner\">\n\t\t<div role=\"region\" aria-labelledby=\"e-n-accordion-item-1376\" class=\"elementor-element elementor-element-0e361a6 e-con-full e-flex e-con e-child\" data-id=\"0e361a6\" data-element_type=\"container\" data-e-type=\"container\">\n\t\t\t\t<div class=\"elementor-element elementor-element-9addc1c elementor-widget elementor-widget-text-editor\" data-id=\"9addc1c\" data-element_type=\"widget\" data-e-type=\"widget\" data-widget_type=\"text-editor.default\">\n\t\t\t\t\t\t\t\t\t<p class=\"p1\">Offre du soutien aux femmes francophones confront\u00e9es \u00e0 diverses formes de violence.<\/p><p class=\"p1\"><a href=\"https:\/\/centrevictoria.ca\/nous-joindre\/\" target=\"_blank\" rel=\"noopener\">https:\/\/centrevictoria.ca\/nous-joindre\/<\/a><\/p><p class=\"p1\"><a href=\"tel:705-856-0065\">705-856-0065<\/a><br \/><span class=\"s1\"><a href=\"mailto:wawa@centrevictoria.ca\">wawa@centrevictoria.ca<\/a><\/span><\/p>\t\t\t\t\t\t\t\t<\/div>\n\t\t\t\t<\/div>\n\t\t\t\t\t<\/div>\n\t\t\t\t<\/div>\n\t\t\t\t\t<\/details>\n\t\t\t\t\t\t<details id=\"e-n-accordion-item-1377\" class=\"e-n-accordion-item\" >\n\t\t\t\t<summary class=\"e-n-accordion-item-title\" data-accordion-index=\"8\" tabindex=\"-1\" aria-expanded=\"false\" aria-controls=\"e-n-accordion-item-1377\" >\n\t\t\t\t\t<span class='e-n-accordion-item-title-header'><div class=\"e-n-accordion-item-title-text\"> Chadwic Home <\/div><\/span>\n\t\t\t\t\t\t\t<span class='e-n-accordion-item-title-icon'>\n\t\t\t<span class='e-opened' ><i aria-hidden=\"true\" class=\"fas fa-minus\"><\/i><\/span>\n\t\t\t<span class='e-closed'><i aria-hidden=\"true\" class=\"fas fa-plus\"><\/i><\/span>\n\t\t<\/span>\n\n\t\t\t\t\t\t<\/summary>\n\t\t\t\t<div role=\"region\" aria-labelledby=\"e-n-accordion-item-1377\" class=\"elementor-element elementor-element-860f06c e-flex e-con-boxed e-con e-child\" data-id=\"860f06c\" data-element_type=\"container\" data-e-type=\"container\">\n\t\t\t\t\t<div class=\"e-con-inner\">\n\t\t<div role=\"region\" aria-labelledby=\"e-n-accordion-item-1377\" class=\"elementor-element elementor-element-fd28089 e-con-full e-flex e-con e-child\" data-id=\"fd28089\" data-element_type=\"container\" data-e-type=\"container\">\n\t\t\t\t<div class=\"elementor-element elementor-element-d34cb93 elementor-widget elementor-widget-text-editor\" data-id=\"d34cb93\" data-element_type=\"widget\" data-e-type=\"widget\" data-widget_type=\"text-editor.default\">\n\t\t\t\t\t\t\t\t\t<p class=\"p1\">CHADWIC Home offre gratuitement un h\u00e9bergement d&rsquo;urgence temporaire et des services de soutien 24 heures sur 24 et 7 jours sur 7 aux femmes qui ont subi ou subissent des violences.<\/p><p class=\"p1\"><a href=\"https:\/\/chadwichome.com\/\" target=\"_blank\" rel=\"noopener\">https:\/\/chadwichome.com\/<\/a><\/p><p class=\"p1\"><a href=\"tel:1-800-461-2242\">1-800-461-2242<\/a><br \/><strong>Ligne de texto en situation de crise : <a href=\"tel:705-806-5445\">705-806-5445<\/a><\/strong><\/p>\t\t\t\t\t\t\t\t<\/div>\n\t\t\t\t<\/div>\n\t\t\t\t\t<\/div>\n\t\t\t\t<\/div>\n\t\t\t\t\t<\/details>\n\t\t\t\t\t\t<details id=\"e-n-accordion-item-1378\" class=\"e-n-accordion-item\" >\n\t\t\t\t<summary class=\"e-n-accordion-item-title\" data-accordion-index=\"9\" tabindex=\"-1\" aria-expanded=\"false\" aria-controls=\"e-n-accordion-item-1378\" >\n\t\t\t\t\t<span class='e-n-accordion-item-title-header'><div class=\"e-n-accordion-item-title-text\"> Clinique d\u2019hygi\u00e8ne dentaire \u2013 Emma Desgagn\u00e9, HD, hygi\u00e9niste dentaire ind\u00e9pendante <\/div><\/span>\n\t\t\t\t\t\t\t<span class='e-n-accordion-item-title-icon'>\n\t\t\t<span class='e-opened' ><i aria-hidden=\"true\" class=\"fas fa-minus\"><\/i><\/span>\n\t\t\t<span class='e-closed'><i aria-hidden=\"true\" class=\"fas fa-plus\"><\/i><\/span>\n\t\t<\/span>\n\n\t\t\t\t\t\t<\/summary>\n\t\t\t\t<div role=\"region\" aria-labelledby=\"e-n-accordion-item-1378\" class=\"elementor-element elementor-element-b99e8d6 e-flex e-con-boxed e-con e-child\" data-id=\"b99e8d6\" data-element_type=\"container\" data-e-type=\"container\">\n\t\t\t\t\t<div class=\"e-con-inner\">\n\t\t<div role=\"region\" aria-labelledby=\"e-n-accordion-item-1378\" class=\"elementor-element elementor-element-64e07bc e-con-full e-flex e-con e-child\" data-id=\"64e07bc\" data-element_type=\"container\" data-e-type=\"container\">\n\t\t\t\t<div class=\"elementor-element elementor-element-906f6f4 elementor-widget elementor-widget-text-editor\" data-id=\"906f6f4\" data-element_type=\"widget\" data-e-type=\"widget\" data-widget_type=\"text-editor.default\">\n\t\t\t\t\t\t\t\t\t<p data-start=\"104\" data-end=\"305\">Examens dentaires, d\u00e9tartrage, polissage, traitements au fluorure, scellements des puits et fissures, fabrication de prot\u00e8ge-dents et blanchiment des dents, ainsi que des r\u00e9f\u00e9rences vers des dentistes.<\/p><p><strong data-start=\"307\" data-end=\"342\">Centre m\u00e9dical de Dubreuilville<\/strong><strong><br \/><\/strong>Appelez au <a href=\"tel:(705) 852-1202\">(705) 852-1202<\/a>\u00a0pour prendre un rendez-vous<\/p><p>\u00a0<\/p>\t\t\t\t\t\t\t\t<\/div>\n\t\t\t\t<\/div>\n\t\t\t\t\t<\/div>\n\t\t\t\t<\/div>\n\t\t\t\t\t<\/details>\n\t\t\t\t\t\t<details id=\"e-n-accordion-item-1379\" class=\"e-n-accordion-item\" >\n\t\t\t\t<summary class=\"e-n-accordion-item-title\" data-accordion-index=\"10\" tabindex=\"-1\" aria-expanded=\"false\" aria-controls=\"e-n-accordion-item-1379\" >\n\t\t\t\t\t<span class='e-n-accordion-item-title-header'><div class=\"e-n-accordion-item-title-text\"> Croix-Rouge canadienne <\/div><\/span>\n\t\t\t\t\t\t\t<span class='e-n-accordion-item-title-icon'>\n\t\t\t<span class='e-opened' ><i aria-hidden=\"true\" class=\"fas fa-minus\"><\/i><\/span>\n\t\t\t<span class='e-closed'><i aria-hidden=\"true\" class=\"fas fa-plus\"><\/i><\/span>\n\t\t<\/span>\n\n\t\t\t\t\t\t<\/summary>\n\t\t\t\t<div role=\"region\" aria-labelledby=\"e-n-accordion-item-1379\" class=\"elementor-element elementor-element-e1b1b66 e-flex e-con-boxed e-con e-child\" data-id=\"e1b1b66\" data-element_type=\"container\" data-e-type=\"container\">\n\t\t\t\t\t<div class=\"e-con-inner\">\n\t\t<div role=\"region\" aria-labelledby=\"e-n-accordion-item-1379\" class=\"elementor-element elementor-element-b4cdd47 e-con-full e-flex e-con e-child\" data-id=\"b4cdd47\" data-element_type=\"container\" data-e-type=\"container\">\n\t\t\t\t<div class=\"elementor-element elementor-element-69ef6e3 elementor-widget elementor-widget-text-editor\" data-id=\"69ef6e3\" data-element_type=\"widget\" data-e-type=\"widget\" data-widget_type=\"text-editor.default\">\n\t\t\t\t\t\t\t\t\t<h5 class=\"p1\">La popote roulante (Meals on Wheels)<\/h5><p>Service bas\u00e9 \u00e0 Wawa, mais offrant des services \u00e0 Dubreuilville.<\/p><p><a href=\"https:\/\/www.redcross.ca\/in-your-community\" target=\"_blank\" rel=\"noopener\">https:\/\/www.redcross.ca\/in-your-community<\/a><br \/>Appelez au <a href=\"tel:1-800-465-6551\">1-800-465-6551<\/a>.<\/p>\t\t\t\t\t\t\t\t<\/div>\n\t\t\t\t<\/div>\n\t\t\t\t\t<\/div>\n\t\t\t\t<\/div>\n\t\t\t\t\t<\/details>\n\t\t\t\t\t\t<details id=\"e-n-accordion-item-13710\" class=\"e-n-accordion-item\" >\n\t\t\t\t<summary class=\"e-n-accordion-item-title\" data-accordion-index=\"11\" tabindex=\"-1\" aria-expanded=\"false\" aria-controls=\"e-n-accordion-item-13710\" >\n\t\t\t\t\t<span class='e-n-accordion-item-title-header'><div class=\"e-n-accordion-item-title-text\"> Community Living Algoma <\/div><\/span>\n\t\t\t\t\t\t\t<span class='e-n-accordion-item-title-icon'>\n\t\t\t<span class='e-opened' ><i aria-hidden=\"true\" class=\"fas fa-minus\"><\/i><\/span>\n\t\t\t<span class='e-closed'><i aria-hidden=\"true\" class=\"fas fa-plus\"><\/i><\/span>\n\t\t<\/span>\n\n\t\t\t\t\t\t<\/summary>\n\t\t\t\t<div role=\"region\" aria-labelledby=\"e-n-accordion-item-13710\" class=\"elementor-element elementor-element-850dd72 e-flex e-con-boxed e-con e-child\" data-id=\"850dd72\" data-element_type=\"container\" data-e-type=\"container\">\n\t\t\t\t\t<div class=\"e-con-inner\">\n\t\t<div role=\"region\" aria-labelledby=\"e-n-accordion-item-13710\" class=\"elementor-element elementor-element-7e4bcd2 e-con-full e-flex e-con e-child\" data-id=\"7e4bcd2\" data-element_type=\"container\" data-e-type=\"container\">\n\t\t\t\t<div class=\"elementor-element elementor-element-be72d73 elementor-widget elementor-widget-text-editor\" data-id=\"be72d73\" data-element_type=\"widget\" data-e-type=\"widget\" data-widget_type=\"text-editor.default\">\n\t\t\t\t\t\t\t\t\t<p class=\"p1\">Offre du soutien aux personnes ayant des troubles de d\u00e9veloppement.<\/p><p><a href=\"tel:705-856-2423\">705-856-2423<\/a><\/p><p><a href=\"https:\/\/communitylivingalgoma.org\/fr\/\" target=\"_blank\" rel=\"noopener\">https:\/\/communitylivingalgoma.org\/fr\/<\/a><\/p>\t\t\t\t\t\t\t\t<\/div>\n\t\t\t\t<\/div>\n\t\t\t\t\t<\/div>\n\t\t\t\t<\/div>\n\t\t\t\t\t<\/details>\n\t\t\t\t\t\t<details id=\"e-n-accordion-item-13711\" class=\"e-n-accordion-item\" >\n\t\t\t\t<summary class=\"e-n-accordion-item-title\" data-accordion-index=\"12\" tabindex=\"-1\" aria-expanded=\"false\" aria-controls=\"e-n-accordion-item-13711\" >\n\t\t\t\t\t<span class='e-n-accordion-item-title-header'><div class=\"e-n-accordion-item-title-text\"> Dilico \u2013 Services \u00e0 la famille Anishinabek <\/div><\/span>\n\t\t\t\t\t\t\t<span class='e-n-accordion-item-title-icon'>\n\t\t\t<span class='e-opened' ><i aria-hidden=\"true\" class=\"fas fa-minus\"><\/i><\/span>\n\t\t\t<span class='e-closed'><i aria-hidden=\"true\" class=\"fas fa-plus\"><\/i><\/span>\n\t\t<\/span>\n\n\t\t\t\t\t\t<\/summary>\n\t\t\t\t<div role=\"region\" aria-labelledby=\"e-n-accordion-item-13711\" class=\"elementor-element elementor-element-65275d9 e-flex e-con-boxed e-con e-child\" data-id=\"65275d9\" data-element_type=\"container\" data-e-type=\"container\">\n\t\t\t\t\t<div class=\"e-con-inner\">\n\t\t<div role=\"region\" aria-labelledby=\"e-n-accordion-item-13711\" class=\"elementor-element elementor-element-5fb74f0 e-con-full e-flex e-con e-child\" data-id=\"5fb74f0\" data-element_type=\"container\" data-e-type=\"container\">\n\t\t\t\t<div class=\"elementor-element elementor-element-d83903b elementor-widget elementor-widget-text-editor\" data-id=\"d83903b\" data-element_type=\"widget\" data-e-type=\"widget\" data-widget_type=\"text-editor.default\">\n\t\t\t\t\t\t\t\t\t<p class=\"p1\">Met en lien les services de protection de l\u2019enfance, les services de sant\u00e9 et les services en sant\u00e9 mentale et d\u00e9pendances afin de r\u00e9pondre aux besoins des individus, des familles et de la communaut\u00e9.<\/p><p class=\"p1\">Pr\u00e9sence d\u2019une infirmi\u00e8re au Centre de sant\u00e9 MFN, les lundis et jeudis, de 9 h \u00e0 16 h.<br \/>Appelez au <a href=\"tel:1-855-623-8511\">1-855-623-8511<\/a><\/p><p><a href=\"https:\/\/www.dilico.com\/contact\/\" target=\"_blank\" rel=\"noopener\">https:\/\/www.dilico.com\/contact\/<\/a><\/p>\t\t\t\t\t\t\t\t<\/div>\n\t\t\t\t<\/div>\n\t\t\t\t\t<\/div>\n\t\t\t\t<\/div>\n\t\t\t\t\t<\/details>\n\t\t\t\t\t\t<details id=\"e-n-accordion-item-13712\" class=\"e-n-accordion-item\" >\n\t\t\t\t<summary class=\"e-n-accordion-item-title\" data-accordion-index=\"13\" tabindex=\"-1\" aria-expanded=\"false\" aria-controls=\"e-n-accordion-item-13712\" >\n\t\t\t\t\t<span class='e-n-accordion-item-title-header'><div class=\"e-n-accordion-item-title-text\"> \u00c9quipe de sant\u00e9 familiale de Wawa <\/div><\/span>\n\t\t\t\t\t\t\t<span class='e-n-accordion-item-title-icon'>\n\t\t\t<span class='e-opened' ><i aria-hidden=\"true\" class=\"fas fa-minus\"><\/i><\/span>\n\t\t\t<span class='e-closed'><i aria-hidden=\"true\" class=\"fas fa-plus\"><\/i><\/span>\n\t\t<\/span>\n\n\t\t\t\t\t\t<\/summary>\n\t\t\t\t<div role=\"region\" aria-labelledby=\"e-n-accordion-item-13712\" class=\"elementor-element elementor-element-92eac02 e-flex e-con-boxed e-con e-child\" data-id=\"92eac02\" data-element_type=\"container\" data-e-type=\"container\">\n\t\t\t\t\t<div class=\"e-con-inner\">\n\t\t<div role=\"region\" aria-labelledby=\"e-n-accordion-item-13712\" class=\"elementor-element elementor-element-b7bc558 e-con-full e-flex e-con e-child\" data-id=\"b7bc558\" data-element_type=\"container\" data-e-type=\"container\">\n\t\t\t\t<div class=\"elementor-element elementor-element-7ec9f36 elementor-widget elementor-widget-text-editor\" data-id=\"7ec9f36\" data-element_type=\"widget\" data-e-type=\"widget\" data-widget_type=\"text-editor.default\">\n\t\t\t\t\t\t\t\t\t<p data-start=\"56\" data-end=\"209\">Offre des soins de sant\u00e9 primaires avec des m\u00e9decins et des infirmiers praticiens, ainsi qu\u2019un acc\u00e8s aux services d\u2019un di\u00e9t\u00e9tiste et d\u2019un pharmacien.<\/p><p data-start=\"211\" data-end=\"259\">17, chemin Government<br data-start=\"236\" data-end=\"239\" \/>Wawa (Ontario)<\/p><p data-start=\"261\" data-end=\"379\" data-is-last-node=\"\" data-is-only-node=\"\">T\u00e9l\u00e9phone : <a href=\"tel:705-856-1313\">705-856-1313<\/a> pour prendre rendez-vous<br data-start=\"314\" data-end=\"317\" \/>ou r\u00e9servez en ligne :<br data-start=\"339\" data-end=\"342\" \/><a class=\"decorated-link\" href=\"https:\/\/www.wawafamilyhealthteam.com\/\" target=\"_blank\" rel=\"noopener\" data-start=\"342\" data-end=\"379\" data-is-last-node=\"\">https:\/\/www.wawafamilyhealthteam.com\/<\/a><\/p>\t\t\t\t\t\t\t\t<\/div>\n\t\t\t\t<\/div>\n\t\t\t\t\t<\/div>\n\t\t\t\t<\/div>\n\t\t\t\t\t<\/details>\n\t\t\t\t\t\t<details id=\"e-n-accordion-item-13713\" class=\"e-n-accordion-item\" >\n\t\t\t\t<summary class=\"e-n-accordion-item-title\" data-accordion-index=\"14\" tabindex=\"-1\" aria-expanded=\"false\" aria-controls=\"e-n-accordion-item-13713\" >\n\t\t\t\t\t<span class='e-n-accordion-item-title-header'><div class=\"e-n-accordion-item-title-text\"> \u00c9quipe mobile d'intervention rapide aux crises (MCRRT) de l'H\u00f4pital de Sault Ste. Marie et de la r\u00e9gion <\/div><\/span>\n\t\t\t\t\t\t\t<span class='e-n-accordion-item-title-icon'>\n\t\t\t<span class='e-opened' ><i aria-hidden=\"true\" class=\"fas fa-minus\"><\/i><\/span>\n\t\t\t<span class='e-closed'><i aria-hidden=\"true\" class=\"fas fa-plus\"><\/i><\/span>\n\t\t<\/span>\n\n\t\t\t\t\t\t<\/summary>\n\t\t\t\t<div role=\"region\" aria-labelledby=\"e-n-accordion-item-13713\" class=\"elementor-element elementor-element-939cb5f e-flex e-con-boxed e-con e-child\" data-id=\"939cb5f\" data-element_type=\"container\" data-e-type=\"container\">\n\t\t\t\t\t<div class=\"e-con-inner\">\n\t\t<div role=\"region\" aria-labelledby=\"e-n-accordion-item-13713\" class=\"elementor-element elementor-element-5f86edc e-con-full e-flex e-con e-child\" data-id=\"5f86edc\" data-element_type=\"container\" data-e-type=\"container\">\n\t\t\t\t<div class=\"elementor-element elementor-element-74699c5 elementor-widget elementor-widget-text-editor\" data-id=\"74699c5\" data-element_type=\"widget\" data-e-type=\"widget\" data-widget_type=\"text-editor.default\">\n\t\t\t\t\t\t\t\t\t<p>L\u2019\u00e9quipe mobile de r\u00e9ponse rapide aux crises (MCRRT) de l\u2019H\u00f4pital de Sault et de la r\u00e9gion, en partenariat avec les services policiers, offre un soutien imm\u00e9diat 24 heures sur 24, 7 jours sur 7 aux personnes en situation de crise de sant\u00e9 mentale. Elle proc\u00e8de \u00e0 l\u2019\u00e9valuation et \u00e0 l\u2019orientation des patients en collaboration avec des agents en uniforme et du personnel infirmier.<\/p><p data-start=\"56\" data-end=\"229\">Le personnel des services de crise r\u00e9pond aux appels durant la journ\u00e9e et peut effectuer des \u00e9valuations par l\u2019entremise du R\u00e9seau T\u00e9l\u00e9m\u00e9decine Ontario (OTN), au besoin.<\/p><p data-start=\"231\" data-end=\"284\">\u00c9quipe mobile de crise sur appel \u00e0 Wawa (Ontario)<\/p><h5 data-start=\"286\" data-end=\"394\"><a href=\"https:\/\/sah.on.ca\/programs-services\/mental-health-addictions\/crisis-services\/\">Services de crise\u00a0<\/a>\u00a0<\/h5><h5 data-start=\"286\" data-end=\"394\">Ligne de crise : <a href=\"tel:1-800-721-0077\">1-800-721-0077<\/a><\/h5><h5 data-start=\"286\" data-end=\"394\"><strong>Disponible 24 heures sur 24, 7 jours sur 7<\/strong><\/h5>\t\t\t\t\t\t\t\t<\/div>\n\t\t\t\t<\/div>\n\t\t\t\t\t<\/div>\n\t\t\t\t<\/div>\n\t\t\t\t\t<\/details>\n\t\t\t\t\t\t<details id=\"e-n-accordion-item-13714\" class=\"e-n-accordion-item\" >\n\t\t\t\t<summary class=\"e-n-accordion-item-title\" data-accordion-index=\"15\" tabindex=\"-1\" aria-expanded=\"false\" aria-controls=\"e-n-accordion-item-13714\" >\n\t\t\t\t\t<span class='e-n-accordion-item-title-header'><div class=\"e-n-accordion-item-title-text\"> FYI DOCTORS <\/div><\/span>\n\t\t\t\t\t\t\t<span class='e-n-accordion-item-title-icon'>\n\t\t\t<span class='e-opened' ><i aria-hidden=\"true\" class=\"fas fa-minus\"><\/i><\/span>\n\t\t\t<span class='e-closed'><i aria-hidden=\"true\" class=\"fas fa-plus\"><\/i><\/span>\n\t\t<\/span>\n\n\t\t\t\t\t\t<\/summary>\n\t\t\t\t<div role=\"region\" aria-labelledby=\"e-n-accordion-item-13714\" class=\"elementor-element elementor-element-896f839 e-flex e-con-boxed e-con e-child\" data-id=\"896f839\" data-element_type=\"container\" data-e-type=\"container\">\n\t\t\t\t\t<div class=\"e-con-inner\">\n\t\t\t\t<div class=\"elementor-element elementor-element-ce5511f elementor-widget elementor-widget-text-editor\" data-id=\"ce5511f\" data-element_type=\"widget\" data-e-type=\"widget\" data-widget_type=\"text-editor.default\">\n\t\t\t\t\t\t\t\t\t<p data-start=\"56\" data-end=\"325\">Services de soins de la vue comprenant l\u2019\u00e9valuation des troubles visuels et leur correction, ainsi que le diagnostic des maladies oculaires. Offrent \u00e9galement le d\u00e9pistage r\u00e9tinien num\u00e9rique, Essilor Visioffice, les tests du champ visuel et la chirurgie r\u00e9fractive.<\/p><p data-start=\"327\" data-end=\"456\">T\u00e9l\u00e9phone : <a href=\"tel:705-856-2345\">705-856-2345<\/a> pour prendre rendez-vous<br data-start=\"380\" data-end=\"383\" \/>ou r\u00e9servez en ligne :<br data-start=\"405\" data-end=\"408\" \/><a class=\"decorated-link\" href=\"https:\/\/fyidoctors.com\/pages\/book-an-appointment\" target=\"_blank\" rel=\"noopener\" data-start=\"408\" data-end=\"456\">https:\/\/fyidoctors.com\/pages\/book-an-appointment<\/a><\/p><p data-start=\"458\" data-end=\"493\" data-is-last-node=\"\" data-is-only-node=\"\">\u00c0 Wawa les mercredis et jeudis.<\/p><p class=\"p1\">Situ\u00e9 \u00e0 Wawa (Ontario)<\/p>\t\t\t\t\t\t\t\t<\/div>\n\t\t\t\t\t<\/div>\n\t\t\t\t<\/div>\n\t\t\t\t\t<\/details>\n\t\t\t\t\t\t<details id=\"e-n-accordion-item-13715\" class=\"e-n-accordion-item\" >\n\t\t\t\t<summary class=\"e-n-accordion-item-title\" data-accordion-index=\"16\" tabindex=\"-1\" aria-expanded=\"false\" aria-controls=\"e-n-accordion-item-13715\" >\n\t\t\t\t\t<span class='e-n-accordion-item-title-header'><div class=\"e-n-accordion-item-title-text\"> La marche des dix sous (March of Dimes) <\/div><\/span>\n\t\t\t\t\t\t\t<span class='e-n-accordion-item-title-icon'>\n\t\t\t<span class='e-opened' ><i aria-hidden=\"true\" class=\"fas fa-minus\"><\/i><\/span>\n\t\t\t<span class='e-closed'><i aria-hidden=\"true\" class=\"fas fa-plus\"><\/i><\/span>\n\t\t<\/span>\n\n\t\t\t\t\t\t<\/summary>\n\t\t\t\t<div role=\"region\" aria-labelledby=\"e-n-accordion-item-13715\" class=\"elementor-element elementor-element-8d6377d e-flex e-con-boxed e-con e-child\" data-id=\"8d6377d\" data-element_type=\"container\" data-e-type=\"container\">\n\t\t\t\t\t<div class=\"e-con-inner\">\n\t\t<div role=\"region\" aria-labelledby=\"e-n-accordion-item-13715\" class=\"elementor-element elementor-element-7a7e80f e-con-full e-flex e-con e-child\" data-id=\"7a7e80f\" data-element_type=\"container\" data-e-type=\"container\">\n\t\t\t\t<div class=\"elementor-element elementor-element-5f641ca elementor-widget elementor-widget-text-editor\" data-id=\"5f641ca\" data-element_type=\"widget\" data-e-type=\"widget\" data-widget_type=\"text-editor.default\">\n\t\t\t\t\t\t\t\t\t<p data-start=\"56\" data-end=\"97\">Soins \u00e0 domicile et soutien personnel<\/p><p data-start=\"99\" data-end=\"157\">31, avenue Broadway<\/p><p class=\"p1\"><a href=\"tel:1-888-260-5269\">1-888-260-5269<\/a><\/p><p><a href=\"https:\/\/www.marchofdimes.ca\/en-ca\" target=\"_blank\" rel=\"noopener\">https:\/\/www.marchofdimes.ca\/en-ca<\/a><\/p>\t\t\t\t\t\t\t\t<\/div>\n\t\t\t\t<\/div>\n\t\t\t\t\t<\/div>\n\t\t\t\t<\/div>\n\t\t\t\t\t<\/details>\n\t\t\t\t\t\t<details id=\"e-n-accordion-item-13716\" class=\"e-n-accordion-item\" >\n\t\t\t\t<summary class=\"e-n-accordion-item-title\" data-accordion-index=\"17\" tabindex=\"-1\" aria-expanded=\"false\" aria-controls=\"e-n-accordion-item-13716\" >\n\t\t\t\t\t<span class='e-n-accordion-item-title-header'><div class=\"e-n-accordion-item-title-text\"> North East Mental Wellness &amp; Crisis Service <\/div><\/span>\n\t\t\t\t\t\t\t<span class='e-n-accordion-item-title-icon'>\n\t\t\t<span class='e-opened' ><i aria-hidden=\"true\" class=\"fas fa-minus\"><\/i><\/span>\n\t\t\t<span class='e-closed'><i aria-hidden=\"true\" class=\"fas fa-plus\"><\/i><\/span>\n\t\t<\/span>\n\n\t\t\t\t\t\t<\/summary>\n\t\t\t\t<div role=\"region\" aria-labelledby=\"e-n-accordion-item-13716\" class=\"elementor-element elementor-element-1adfc81 e-flex e-con-boxed e-con e-child\" data-id=\"1adfc81\" data-element_type=\"container\" data-e-type=\"container\">\n\t\t\t\t\t<div class=\"e-con-inner\">\n\t\t<div role=\"region\" aria-labelledby=\"e-n-accordion-item-13716\" class=\"elementor-element elementor-element-a3361e0 e-con-full e-flex e-con e-child\" data-id=\"a3361e0\" data-element_type=\"container\" data-e-type=\"container\">\n\t\t\t\t<div class=\"elementor-element elementor-element-9886dcf elementor-widget elementor-widget-text-editor\" data-id=\"9886dcf\" data-element_type=\"widget\" data-e-type=\"widget\" data-widget_type=\"text-editor.default\">\n\t\t\t\t\t\t\t\t\t<p data-start=\"56\" data-end=\"204\">Offre des services rapides en sant\u00e9 mentale 24 heures sur 24 aux personnes, aux familles et aux communaut\u00e9s touch\u00e9es par une situation de crise.<\/p><p data-start=\"206\" data-end=\"248\">Bas\u00e9 \u00e0 la Premi\u00e8re Nation de Pic River<\/p><p data-start=\"250\" data-end=\"318\" data-is-last-node=\"\" data-is-only-node=\"\"><strong>T\u00e9l\u00e9phone (intervention de crise 24 h\/24) :<\/strong><br data-start=\"297\" data-end=\"300\" \/><a href=\"tel:1-866-209-9582\"><strong data-start=\"300\" data-end=\"318\" data-is-last-node=\"\">1-866-209-9582<\/strong><\/a><\/p>\t\t\t\t\t\t\t\t<\/div>\n\t\t\t\t<\/div>\n\t\t\t\t\t<\/div>\n\t\t\t\t<\/div>\n\t\t\t\t\t<\/details>\n\t\t\t\t\t\t<details id=\"e-n-accordion-item-13717\" class=\"e-n-accordion-item\" >\n\t\t\t\t<summary class=\"e-n-accordion-item-title\" data-accordion-index=\"18\" tabindex=\"-1\" aria-expanded=\"false\" aria-controls=\"e-n-accordion-item-13717\" >\n\t\t\t\t\t<span class='e-n-accordion-item-title-header'><div class=\"e-n-accordion-item-title-text\"> Northern Chiropractic Clinic <\/div><\/span>\n\t\t\t\t\t\t\t<span class='e-n-accordion-item-title-icon'>\n\t\t\t<span class='e-opened' ><i aria-hidden=\"true\" class=\"fas fa-minus\"><\/i><\/span>\n\t\t\t<span class='e-closed'><i aria-hidden=\"true\" class=\"fas fa-plus\"><\/i><\/span>\n\t\t<\/span>\n\n\t\t\t\t\t\t<\/summary>\n\t\t\t\t<div role=\"region\" aria-labelledby=\"e-n-accordion-item-13717\" class=\"elementor-element elementor-element-1e1021b e-flex e-con-boxed e-con e-child\" data-id=\"1e1021b\" data-element_type=\"container\" data-e-type=\"container\">\n\t\t\t\t\t<div class=\"e-con-inner\">\n\t\t<div role=\"region\" aria-labelledby=\"e-n-accordion-item-13717\" class=\"elementor-element elementor-element-6322013 e-con-full e-flex e-con e-child\" data-id=\"6322013\" data-element_type=\"container\" data-e-type=\"container\">\n\t\t\t\t<div class=\"elementor-element elementor-element-b30a25b elementor-widget elementor-widget-text-editor\" data-id=\"b30a25b\" data-element_type=\"widget\" data-e-type=\"widget\" data-widget_type=\"text-editor.default\">\n\t\t\t\t\t\t\t\t\t<p data-start=\"56\" data-end=\"303\">Traitements de chiropratique et de massoth\u00e9rapie pour la r\u00e9adaptation des blessures sportives, des blessures li\u00e9es aux accidents de la route, des blessures li\u00e9es au travail ainsi que des blessures associ\u00e9es aux activit\u00e9s de la vie quotidienne.<\/p><p data-start=\"305\" data-end=\"362\">T\u00e9l\u00e9phone : <a href=\"tel:(705) 856-4321\">(705) 856-4321<\/a> pour prendre rendez-vous<\/p><p class=\"p1\"><a href=\"https:\/\/www.northernchiro.ca\/\" target=\"_blank\" rel=\"noopener\">https:\/\/www.northernchiro.ca\/<\/a> Situ\u00e9 \u00e0 Wawa (Ontario)<\/p>\t\t\t\t\t\t\t\t<\/div>\n\t\t\t\t<\/div>\n\t\t\t\t\t<\/div>\n\t\t\t\t<\/div>\n\t\t\t\t\t<\/details>\n\t\t\t\t\t\t<details id=\"e-n-accordion-item-13718\" class=\"e-n-accordion-item\" >\n\t\t\t\t<summary class=\"e-n-accordion-item-title\" data-accordion-index=\"19\" tabindex=\"-1\" aria-expanded=\"false\" aria-controls=\"e-n-accordion-item-13718\" >\n\t\t\t\t\t<span class='e-n-accordion-item-title-header'><div class=\"e-n-accordion-item-title-text\"> Ontario au travail (ADSAB) <\/div><\/span>\n\t\t\t\t\t\t\t<span class='e-n-accordion-item-title-icon'>\n\t\t\t<span class='e-opened' ><i aria-hidden=\"true\" class=\"fas fa-minus\"><\/i><\/span>\n\t\t\t<span class='e-closed'><i aria-hidden=\"true\" class=\"fas fa-plus\"><\/i><\/span>\n\t\t<\/span>\n\n\t\t\t\t\t\t<\/summary>\n\t\t\t\t<div role=\"region\" aria-labelledby=\"e-n-accordion-item-13718\" class=\"elementor-element elementor-element-8830d06 e-flex e-con-boxed e-con e-child\" data-id=\"8830d06\" data-element_type=\"container\" data-e-type=\"container\">\n\t\t\t\t\t<div class=\"e-con-inner\">\n\t\t<div role=\"region\" aria-labelledby=\"e-n-accordion-item-13718\" class=\"elementor-element elementor-element-50a154c e-con-full e-flex e-con e-child\" data-id=\"50a154c\" data-element_type=\"container\" data-e-type=\"container\">\n\t\t\t\t<div class=\"elementor-element elementor-element-6c69ebb elementor-widget elementor-widget-text-editor\" data-id=\"6c69ebb\" data-element_type=\"widget\" data-e-type=\"widget\" data-widget_type=\"text-editor.default\">\n\t\t\t\t\t\t\t\t\t<p>Le programme Ontario au travail aide les personnes qui ont des besoins financiers. Il offre deux types d\u2019aide :<\/p><p>Aide financi\u00e8re, comprenant :<\/p><ul><li>un soutien du revenu pour couvrir les besoins essentiels, comme la nourriture, les v\u00eatements et le logement ;<\/li><li>des prestations de sant\u00e9 pour les b\u00e9n\u00e9ficiaires et leur famille, notamment les m\u00e9dicaments, les soins dentaires pour les enfants, les lunettes prescrites et une aide pour le transport \u00e0 des fins m\u00e9dicales, ainsi que des fonds suppl\u00e9mentaires pour certaines conditions m\u00e9dicales approuv\u00e9es et r\u00e9gimes alimentaires sp\u00e9ciaux.<\/li><\/ul><p>Aide \u00e0 l\u2019emploi,\u00a0<span style=\"background-color: transparent;\">pour aider les b\u00e9n\u00e9ficiaires \u00e0 trouver, \u00e0 se pr\u00e9parer et \u00e0 conserver un emploi, pouvant inclure :<\/span><\/p><ul><li>des ateliers sur la r\u00e9daction de curriculum vit\u00e6 et les techniques d\u2019entrevue ;<\/li><li>du counseling en emploi ;<\/li><li>de la formation sp\u00e9cifique \u00e0 un emploi ;<\/li><li>l\u2019acc\u00e8s \u00e0 l\u2019\u00e9ducation de base afin de terminer les \u00e9tudes secondaires ou d\u2019am\u00e9liorer les comp\u00e9tences linguistiques ;<\/li><li>l\u2019acc\u00e8s \u00e0 des ordinateurs, t\u00e9l\u00e9copieurs, t\u00e9l\u00e9phones et banques d\u2019emplois ;<\/li><li>des fonds pour couvrir les d\u00e9penses li\u00e9es \u00e0 l\u2019emploi approuv\u00e9es et les frais de garde d\u2019enfants ;<\/li><li>des prestations de sant\u00e9 prolong\u00e9es li\u00e9es \u00e0 l\u2019emploi pour les personnes qui quittent le programme Ontario au travail pour occuper un emploi et dont l\u2019employeur n\u2019offre pas d\u2019avantages sociaux.<\/li><\/ul><p>Dans la plupart des cas, les b\u00e9n\u00e9ficiaires doivent accepter de participer aux activit\u00e9s d\u2019aide \u00e0 l\u2019emploi afin de recevoir une aide financi\u00e8re.<\/p><p>Des r\u00e9f\u00e9rences vers des services en sant\u00e9 mentale et en traitement des d\u00e9pendances peuvent \u00eatre faites, au besoin.<\/p><p>Services de soutien familial<\/p><p>Ces services aident les b\u00e9n\u00e9ficiaires \u00e0 obtenir une pension alimentaire appropri\u00e9e pour enfants et\/ou conjoint, ainsi qu\u2019\u00e0 faire respecter les ententes ou ordonnances de soutien.<\/p><p>Aide d\u2019urgence<\/p><p>Une aide d\u2019urgence est \u00e9galement offerte aux personnes en situation de crise (par exemple, celles ayant perdu leur logement, quittant une relation abusive ou craignant pour leur s\u00e9curit\u00e9).<\/p><p>Appelez le 705-856-2303 pour prendre rendez-vous<\/p><p><a class=\"decorated-link\" href=\"https:\/\/www.adsab.on.ca\/en\/social-services\/ontario-works\/\" target=\"_blank\" rel=\"noopener\" data-start=\"2235\" data-end=\"2292\">https:\/\/www.adsab.on.ca\/en\/social-services\/ontario-works\/<\/a><\/p>\t\t\t\t\t\t\t\t<\/div>\n\t\t\t\t<\/div>\n\t\t\t\t\t<\/div>\n\t\t\t\t<\/div>\n\t\t\t\t\t<\/details>\n\t\t\t\t\t\t<details id=\"e-n-accordion-item-13719\" class=\"e-n-accordion-item\" >\n\t\t\t\t<summary class=\"e-n-accordion-item-title\" data-accordion-index=\"20\" tabindex=\"-1\" aria-expanded=\"false\" aria-controls=\"e-n-accordion-item-13719\" >\n\t\t\t\t\t<span class='e-n-accordion-item-title-header'><div class=\"e-n-accordion-item-title-text\"> Police Provinciale de l'Ontario <\/div><\/span>\n\t\t\t\t\t\t\t<span class='e-n-accordion-item-title-icon'>\n\t\t\t<span class='e-opened' ><i aria-hidden=\"true\" class=\"fas fa-minus\"><\/i><\/span>\n\t\t\t<span class='e-closed'><i aria-hidden=\"true\" class=\"fas fa-plus\"><\/i><\/span>\n\t\t<\/span>\n\n\t\t\t\t\t\t<\/summary>\n\t\t\t\t<div role=\"region\" aria-labelledby=\"e-n-accordion-item-13719\" class=\"elementor-element elementor-element-f1bd99b e-flex e-con-boxed e-con e-child\" data-id=\"f1bd99b\" data-element_type=\"container\" data-e-type=\"container\">\n\t\t\t\t\t<div class=\"e-con-inner\">\n\t\t<div role=\"region\" aria-labelledby=\"e-n-accordion-item-13719\" class=\"elementor-element elementor-element-54153fa e-con-full e-flex e-con e-child\" data-id=\"54153fa\" data-element_type=\"container\" data-e-type=\"container\">\n\t\t\t\t<div class=\"elementor-element elementor-element-f46befd elementor-widget elementor-widget-text-editor\" data-id=\"f46befd\" data-element_type=\"widget\" data-e-type=\"widget\" data-widget_type=\"text-editor.default\">\n\t\t\t\t\t\t\t\t\t<p data-start=\"56\" data-end=\"114\">Fournit des services g\u00e9n\u00e9raux d\u2019application de la loi.<\/p><p data-start=\"116\" data-end=\"140\">R\u00e9gion Sup\u00e9rieur Est<\/p><h5 data-start=\"142\" data-end=\"182\">Services d\u2019urgence : composez le 911<\/h5><p data-start=\"142\" data-end=\"182\"><a class=\"decorated-link\" href=\"https:\/\/www.opp.ca\/index.php?lng=fr\" target=\"_blank\" rel=\"noopener\" data-start=\"201\" data-end=\"211\">www.opp.ca<\/a><\/p><p data-start=\"142\" data-end=\"182\"><a href=\"tel:1-888-310-1122\">1-888-310-1122<\/a><\/p>\t\t\t\t\t\t\t\t<\/div>\n\t\t\t\t<\/div>\n\t\t\t\t\t<\/div>\n\t\t\t\t<\/div>\n\t\t\t\t\t<\/details>\n\t\t\t\t\t\t<details id=\"e-n-accordion-item-13720\" class=\"e-n-accordion-item\" >\n\t\t\t\t<summary class=\"e-n-accordion-item-title\" data-accordion-index=\"21\" tabindex=\"-1\" aria-expanded=\"false\" aria-controls=\"e-n-accordion-item-13720\" >\n\t\t\t\t\t<span class='e-n-accordion-item-title-header'><div class=\"e-n-accordion-item-title-text\"> Premi\u00e8re Nation de Michipicoten \u2013 Services de sant\u00e9 et services sociaux <\/div><\/span>\n\t\t\t\t\t\t\t<span class='e-n-accordion-item-title-icon'>\n\t\t\t<span class='e-opened' ><i aria-hidden=\"true\" class=\"fas fa-minus\"><\/i><\/span>\n\t\t\t<span class='e-closed'><i aria-hidden=\"true\" class=\"fas fa-plus\"><\/i><\/span>\n\t\t<\/span>\n\n\t\t\t\t\t\t<\/summary>\n\t\t\t\t<div role=\"region\" aria-labelledby=\"e-n-accordion-item-13720\" class=\"elementor-element elementor-element-0e19fca e-flex e-con-boxed e-con e-child\" data-id=\"0e19fca\" data-element_type=\"container\" data-e-type=\"container\">\n\t\t\t\t\t<div class=\"e-con-inner\">\n\t\t<div role=\"region\" aria-labelledby=\"e-n-accordion-item-13720\" class=\"elementor-element elementor-element-a3c72de e-con-full e-flex e-con e-child\" data-id=\"a3c72de\" data-element_type=\"container\" data-e-type=\"container\">\n\t\t\t\t<div class=\"elementor-element elementor-element-f8d068f elementor-widget elementor-widget-text-editor\" data-id=\"f8d068f\" data-element_type=\"widget\" data-e-type=\"widget\" data-widget_type=\"text-editor.default\">\n\t\t\t\t\t\t\t\t\t<p data-start=\"70\" data-end=\"380\">Aide \u00e0 l\u2019acc\u00e8s aux soins m\u00e9dicaux et aux prestations, facilite les programmes de promotion de la sant\u00e9 et de pr\u00e9vention, soutient les personnes et les familles vivant des difficult\u00e9s personnelles et d\u00e9fend les int\u00e9r\u00eats des enfants et des familles impliqu\u00e9s aupr\u00e8s des organismes de protection de l\u2019enfance.<\/p><p data-start=\"382\" data-end=\"480\" data-is-last-node=\"\" data-is-only-node=\"\">107, promenade Hiawatha<br data-start=\"409\" data-end=\"412\" \/>Premi\u00e8re Nation de Michipicoten<\/p><p class=\"p1\"><a href=\"tel:(705) 856-1993\">(705) 856-1993<\/a><\/p>\t\t\t\t\t\t\t\t<\/div>\n\t\t\t\t<\/div>\n\t\t\t\t\t<\/div>\n\t\t\t\t<\/div>\n\t\t\t\t\t<\/details>\n\t\t\t\t\t\t<details id=\"e-n-accordion-item-13721\" class=\"e-n-accordion-item\" >\n\t\t\t\t<summary class=\"e-n-accordion-item-title\" data-accordion-index=\"22\" tabindex=\"-1\" aria-expanded=\"false\" aria-controls=\"e-n-accordion-item-13721\" >\n\t\t\t\t\t<span class='e-n-accordion-item-title-header'><div class=\"e-n-accordion-item-title-text\"> R\u00e9seau T\u00e9l\u00e9m\u00e9decine Ontario (OTN) <\/div><\/span>\n\t\t\t\t\t\t\t<span class='e-n-accordion-item-title-icon'>\n\t\t\t<span class='e-opened' ><i aria-hidden=\"true\" class=\"fas fa-minus\"><\/i><\/span>\n\t\t\t<span class='e-closed'><i aria-hidden=\"true\" class=\"fas fa-plus\"><\/i><\/span>\n\t\t<\/span>\n\n\t\t\t\t\t\t<\/summary>\n\t\t\t\t<div role=\"region\" aria-labelledby=\"e-n-accordion-item-13721\" class=\"elementor-element elementor-element-89b5ec6 e-flex e-con-boxed e-con e-child\" data-id=\"89b5ec6\" data-element_type=\"container\" data-e-type=\"container\">\n\t\t\t\t\t<div class=\"e-con-inner\">\n\t\t<div role=\"region\" aria-labelledby=\"e-n-accordion-item-13721\" class=\"elementor-element elementor-element-644f798 e-con-full e-flex e-con e-child\" data-id=\"644f798\" data-element_type=\"container\" data-e-type=\"container\">\n\t\t\t\t<div class=\"elementor-element elementor-element-07430fe elementor-widget elementor-widget-text-editor\" data-id=\"07430fe\" data-element_type=\"widget\" data-e-type=\"widget\" data-widget_type=\"text-editor.default\">\n\t\t\t\t\t\t\t\t\t<p>Am\u00e9liorer l\u2019acc\u00e8s aux soins et le rendre plus rapide et plus pratique.<\/p><p>Les soins virtuels aident les personnes \u00e0 acc\u00e9der aux soins dont elles ont besoin au moment et \u00e0 l\u2019endroit o\u00f9 elles en ont besoin. Nous collaborons avec nos partenaires afin d\u2019obtenir une meilleure valeur pour le syst\u00e8me de soins de sant\u00e9 financ\u00e9 par le public de l\u2019Ontario.<\/p><p data-start=\"404\" data-end=\"442\" data-is-last-node=\"\" data-is-only-node=\"\">Service offert sur recommandation.<\/p><p class=\"p1\"><a href=\"https:\/\/otn.ca\/fr\/\" target=\"_blank\" rel=\"noopener\">https:\/\/otn.ca\/fr\/<\/a><\/p>\t\t\t\t\t\t\t\t<\/div>\n\t\t\t\t<\/div>\n\t\t\t\t\t<\/div>\n\t\t\t\t<\/div>\n\t\t\t\t\t<\/details>\n\t\t\t\t\t\t<details id=\"e-n-accordion-item-13722\" class=\"e-n-accordion-item\" >\n\t\t\t\t<summary class=\"e-n-accordion-item-title\" data-accordion-index=\"23\" tabindex=\"-1\" aria-expanded=\"false\" aria-controls=\"e-n-accordion-item-13722\" >\n\t\t\t\t\t<span class='e-n-accordion-item-title-header'><div class=\"e-n-accordion-item-title-text\"> Sant\u00e9 publique Algoma <\/div><\/span>\n\t\t\t\t\t\t\t<span class='e-n-accordion-item-title-icon'>\n\t\t\t<span class='e-opened' ><i aria-hidden=\"true\" class=\"fas fa-minus\"><\/i><\/span>\n\t\t\t<span class='e-closed'><i aria-hidden=\"true\" class=\"fas fa-plus\"><\/i><\/span>\n\t\t<\/span>\n\n\t\t\t\t\t\t<\/summary>\n\t\t\t\t<div role=\"region\" aria-labelledby=\"e-n-accordion-item-13722\" class=\"elementor-element elementor-element-136df28 e-con-full e-flex e-con e-child\" data-id=\"136df28\" data-element_type=\"container\" data-e-type=\"container\">\n\t\t<div role=\"region\" aria-labelledby=\"e-n-accordion-item-13722\" class=\"elementor-element elementor-element-3086eb7 e-flex e-con-boxed e-con e-child\" data-id=\"3086eb7\" data-element_type=\"container\" data-e-type=\"container\">\n\t\t\t\t\t<div class=\"e-con-inner\">\n\t\t\t\t<div class=\"elementor-element elementor-element-01cac6a elementor-widget elementor-widget-text-editor\" data-id=\"01cac6a\" data-element_type=\"widget\" data-e-type=\"widget\" data-widget_type=\"text-editor.default\">\n\t\t\t\t\t\t\t\t\t<ul><li>Programme de vaccination<\/li><li>Programme B\u00e9b\u00e9s en sant\u00e9 \/ Enfants en sant\u00e9<\/li><li>Programme de sant\u00e9 sexuelle<\/li><li>D\u00e9pistage auditif chez les nouveau-n\u00e9s<\/li><li>Surveillance des maladies infectieuses<\/li><\/ul><p data-start=\"298\" data-end=\"329\">18, rue Ganley, Wawa, Ontario<\/p><p data-start=\"298\" data-end=\"329\"><a href=\"tel:705-856-7208\">705-856-7208<\/a> ou <a href=\"tel:1-888-211-8074\">1-888-211-8074<\/a><\/p><p><a href=\"https:\/\/www.algomapublichealth.com\/contact-us\/\" target=\"_blank\" rel=\"noopener\">https:\/\/www.algomapublichealth.com\/contact-us\/<\/a><\/p>\t\t\t\t\t\t\t\t<\/div>\n\t\t\t\t\t<\/div>\n\t\t\t\t<\/div>\n\t\t\t\t<\/div>\n\t\t\t\t\t<\/details>\n\t\t\t\t\t\t<details id=\"e-n-accordion-item-13723\" class=\"e-n-accordion-item\" >\n\t\t\t\t<summary class=\"e-n-accordion-item-title\" data-accordion-index=\"24\" tabindex=\"-1\" aria-expanded=\"false\" aria-controls=\"e-n-accordion-item-13723\" >\n\t\t\t\t\t<span class='e-n-accordion-item-title-header'><div class=\"e-n-accordion-item-title-text\"> Service de counseling d\u2019Algoma Nord (LDHC) <\/div><\/span>\n\t\t\t\t\t\t\t<span class='e-n-accordion-item-title-icon'>\n\t\t\t<span class='e-opened' ><i aria-hidden=\"true\" class=\"fas fa-minus\"><\/i><\/span>\n\t\t\t<span class='e-closed'><i aria-hidden=\"true\" class=\"fas fa-plus\"><\/i><\/span>\n\t\t<\/span>\n\n\t\t\t\t\t\t<\/summary>\n\t\t\t\t<div role=\"region\" aria-labelledby=\"e-n-accordion-item-13723\" class=\"elementor-element elementor-element-b129bcf e-flex e-con-boxed e-con e-child\" data-id=\"b129bcf\" data-element_type=\"container\" data-e-type=\"container\">\n\t\t\t\t\t<div class=\"e-con-inner\">\n\t\t<div role=\"region\" aria-labelledby=\"e-n-accordion-item-13723\" class=\"elementor-element elementor-element-5640f9c e-con-full e-flex e-con e-child\" data-id=\"5640f9c\" data-element_type=\"container\" data-e-type=\"container\">\n\t\t\t\t<div class=\"elementor-element elementor-element-59fe516 elementor-widget elementor-widget-text-editor\" data-id=\"59fe516\" data-element_type=\"widget\" data-e-type=\"widget\" data-widget_type=\"text-editor.default\">\n\t\t\t\t\t\t\t\t\t<p data-start=\"56\" data-end=\"365\">Offre des services de counseling pour r\u00e9pondre \u00e0 diverses pr\u00e9occupations personnelles, notamment l\u2019adaptation sociale, les difficult\u00e9s \u00e9motionnelles, l\u2019anxi\u00e9t\u00e9, la prise de d\u00e9cision, les probl\u00e8mes relationnels, les sentiments de solitude, la d\u00e9pression, l\u2019estime de soi et les habilet\u00e9s interpersonnelles.<\/p><p data-start=\"367\" data-end=\"444\">T\u00e9l\u00e9phone : <a href=\"tel:705-856-2335\">705-856-2335<\/a><br data-start=\"395\" data-end=\"398\" \/>Demandez Service de counseling d\u2019Algoma Nord<\/p><p class=\"p1\"><a href=\"https:\/\/ldhc.com\/fr\/Programmes-et-services\/Service-de-counseling-dAlgoma-Nord\" target=\"_blank\" rel=\"noopener\">https:\/\/ldhc.com\/fr\/Programmes-et-services\/Service-de-counseling-dAlgoma-Nord<\/a><\/p>\t\t\t\t\t\t\t\t<\/div>\n\t\t\t\t<\/div>\n\t\t\t\t\t<\/div>\n\t\t\t\t<\/div>\n\t\t\t\t\t<\/details>\n\t\t\t\t\t\t<details id=\"e-n-accordion-item-13724\" class=\"e-n-accordion-item\" >\n\t\t\t\t<summary class=\"e-n-accordion-item-title\" data-accordion-index=\"25\" tabindex=\"-1\" aria-expanded=\"false\" aria-controls=\"e-n-accordion-item-13724\" >\n\t\t\t\t\t<span class='e-n-accordion-item-title-header'><div class=\"e-n-accordion-item-title-text\"> Service d\u2019incendie de Dubreuilville <\/div><\/span>\n\t\t\t\t\t\t\t<span class='e-n-accordion-item-title-icon'>\n\t\t\t<span class='e-opened' ><i aria-hidden=\"true\" class=\"fas fa-minus\"><\/i><\/span>\n\t\t\t<span class='e-closed'><i aria-hidden=\"true\" class=\"fas fa-plus\"><\/i><\/span>\n\t\t<\/span>\n\n\t\t\t\t\t\t<\/summary>\n\t\t\t\t<div role=\"region\" aria-labelledby=\"e-n-accordion-item-13724\" class=\"elementor-element elementor-element-bdb4197 e-flex e-con-boxed e-con e-child\" data-id=\"bdb4197\" data-element_type=\"container\" data-e-type=\"container\">\n\t\t\t\t\t<div class=\"e-con-inner\">\n\t\t<div role=\"region\" aria-labelledby=\"e-n-accordion-item-13724\" class=\"elementor-element elementor-element-6e2aa6a e-con-full e-flex e-con e-child\" data-id=\"6e2aa6a\" data-element_type=\"container\" data-e-type=\"container\">\n\t\t\t\t<div class=\"elementor-element elementor-element-2ba7bec elementor-widget elementor-widget-text-editor\" data-id=\"2ba7bec\" data-element_type=\"widget\" data-e-type=\"widget\" data-widget_type=\"text-editor.default\">\n\t\t\t\t\t\t\t\t\t<p class=\"p1\">Intervient lors d\u2019urgences physiques, notamment les incendies dans la communaut\u00e9.<\/p><h5>COMPOSEZ LE 911<\/h5><p><a href=\"tel:705-884-2340\">ou 705-884-2340<\/a>, poste 132<br \/><a href=\"mailto:firechief@dubreuilville.ca\">firechief@dubreuilville.ca<\/a><\/p>\t\t\t\t\t\t\t\t<\/div>\n\t\t\t\t<\/div>\n\t\t\t\t\t<\/div>\n\t\t\t\t<\/div>\n\t\t\t\t\t<\/details>\n\t\t\t\t\t\t<details id=\"e-n-accordion-item-13725\" class=\"e-n-accordion-item\" >\n\t\t\t\t<summary class=\"e-n-accordion-item-title\" data-accordion-index=\"26\" tabindex=\"-1\" aria-expanded=\"false\" aria-controls=\"e-n-accordion-item-13725\" >\n\t\t\t\t\t<span class='e-n-accordion-item-title-header'><div class=\"e-n-accordion-item-title-text\"> Services param\u00e9dicaux du district d\u2019Algoma (ADSAB \u2013 Algoma District Services Administration Board) <\/div><\/span>\n\t\t\t\t\t\t\t<span class='e-n-accordion-item-title-icon'>\n\t\t\t<span class='e-opened' ><i aria-hidden=\"true\" class=\"fas fa-minus\"><\/i><\/span>\n\t\t\t<span class='e-closed'><i aria-hidden=\"true\" class=\"fas fa-plus\"><\/i><\/span>\n\t\t<\/span>\n\n\t\t\t\t\t\t<\/summary>\n\t\t\t\t<div role=\"region\" aria-labelledby=\"e-n-accordion-item-13725\" class=\"elementor-element elementor-element-d70886f e-con-full e-flex e-con e-child\" data-id=\"d70886f\" data-element_type=\"container\" data-e-type=\"container\">\n\t\t\t\t<div class=\"elementor-element elementor-element-b26755a elementor-widget elementor-widget-text-editor\" data-id=\"b26755a\" data-element_type=\"widget\" data-e-type=\"widget\" data-widget_type=\"text-editor.default\">\n\t\t\t\t\t\t\t\t\t<h5 class=\"p1\"><span class=\"s1\">Services param\u00e9dicaux<\/span><\/h5><p class=\"p1\">Offrent une intervention m\u00e9dicale sur les lieux ainsi que le transport vers le Centre de sant\u00e9 Lady Dunn.<\/p><p class=\"p1\"><strong>Composez le <a href=\"tel:911\">911<\/a><\/strong> ou <a href=\"tel:1-888-326-3133\">1-888-326-3133<\/a><\/p><p><a href=\"https:\/\/www.adsab.on.ca\/en\/paramedic-services\/\" target=\"_blank\" rel=\"noopener\">https:\/\/www.adsab.on.ca\/en\/paramedic-services\/<\/a><\/p>\t\t\t\t\t\t\t\t<\/div>\n\t\t\t\t<\/div>\n\t\t\t\t\t<\/details>\n\t\t\t\t\t\t<details id=\"e-n-accordion-item-13726\" class=\"e-n-accordion-item\" >\n\t\t\t\t<summary class=\"e-n-accordion-item-title\" data-accordion-index=\"27\" tabindex=\"-1\" aria-expanded=\"false\" aria-controls=\"e-n-accordion-item-13726\" >\n\t\t\t\t\t<span class='e-n-accordion-item-title-header'><div class=\"e-n-accordion-item-title-text\"> Soci\u00e9t\u00e9 d\u2019aide \u00e0 l\u2019enfance du district d\u2019Algoma <\/div><\/span>\n\t\t\t\t\t\t\t<span class='e-n-accordion-item-title-icon'>\n\t\t\t<span class='e-opened' ><i aria-hidden=\"true\" class=\"fas fa-minus\"><\/i><\/span>\n\t\t\t<span class='e-closed'><i aria-hidden=\"true\" class=\"fas fa-plus\"><\/i><\/span>\n\t\t<\/span>\n\n\t\t\t\t\t\t<\/summary>\n\t\t\t\t<div role=\"region\" aria-labelledby=\"e-n-accordion-item-13726\" class=\"elementor-element elementor-element-43e1eed e-flex e-con-boxed e-con e-child\" data-id=\"43e1eed\" data-element_type=\"container\" data-e-type=\"container\">\n\t\t\t\t\t<div class=\"e-con-inner\">\n\t\t<div role=\"region\" aria-labelledby=\"e-n-accordion-item-13726\" class=\"elementor-element elementor-element-d67b2dc e-con-full e-flex e-con e-child\" data-id=\"d67b2dc\" data-element_type=\"container\" data-e-type=\"container\">\n\t\t\t\t<div class=\"elementor-element elementor-element-7e91090 elementor-widget elementor-widget-text-editor\" data-id=\"7e91090\" data-element_type=\"widget\" data-e-type=\"widget\" data-widget_type=\"text-editor.default\">\n\t\t\t\t\t\t\t\t\t<p class=\"p1\">Child Protection de l&rsquo;enfance<\/p><p>31, rue Algoma, Wawa <br \/><a href=\"tel:705-856-2960\">705-856-2960<\/a> ou <a href=\"tel:1-888-414-3571\">1-888-414-3571<\/a><br \/><a href=\"https:\/\/www.algomacas.org\/\" target=\"_blank\" rel=\"noopener\">https:\/\/www.algomacas.org\/<\/a><\/p>\t\t\t\t\t\t\t\t<\/div>\n\t\t\t\t<\/div>\n\t\t\t\t\t<\/div>\n\t\t\t\t<\/div>\n\t\t\t\t\t<\/details>\n\t\t\t\t\t\t<details id=\"e-n-accordion-item-13727\" class=\"e-n-accordion-item\" >\n\t\t\t\t<summary class=\"e-n-accordion-item-title\" data-accordion-index=\"28\" tabindex=\"-1\" aria-expanded=\"false\" aria-controls=\"e-n-accordion-item-13727\" >\n\t\t\t\t\t<span class='e-n-accordion-item-title-header'><div class=\"e-n-accordion-item-title-text\"> Soci\u00e9t\u00e9 Alzheimer du district d\u2019Algoma <\/div><\/span>\n\t\t\t\t\t\t\t<span class='e-n-accordion-item-title-icon'>\n\t\t\t<span class='e-opened' ><i aria-hidden=\"true\" class=\"fas fa-minus\"><\/i><\/span>\n\t\t\t<span class='e-closed'><i aria-hidden=\"true\" class=\"fas fa-plus\"><\/i><\/span>\n\t\t<\/span>\n\n\t\t\t\t\t\t<\/summary>\n\t\t\t\t<div role=\"region\" aria-labelledby=\"e-n-accordion-item-13727\" class=\"elementor-element elementor-element-1e21dbb e-con-full e-flex e-con e-child\" data-id=\"1e21dbb\" data-element_type=\"container\" data-e-type=\"container\">\n\t\t<div role=\"region\" aria-labelledby=\"e-n-accordion-item-13727\" class=\"elementor-element elementor-element-635fd52 e-flex e-con-boxed e-con e-child\" data-id=\"635fd52\" data-element_type=\"container\" data-e-type=\"container\">\n\t\t\t\t\t<div class=\"e-con-inner\">\n\t\t\t\t<div class=\"elementor-element elementor-element-3ce4773 elementor-widget elementor-widget-text-editor\" data-id=\"3ce4773\" data-element_type=\"widget\" data-e-type=\"widget\" data-widget_type=\"text-editor.default\">\n\t\t\t\t\t\t\t\t\t<p class=\"p1\">Information, ressources, \u00e9ducation, soutien et services de consultation.<\/p><p>37 avenue Broadway, Wawa, Ontario<br \/><a href=\"tel:705-856-0000\">705-856-0000<\/a><\/p><p><a href=\"https:\/\/alzheimer.ca\/algoma\/en\" target=\"_blank\" rel=\"noopener\">https:\/\/alzheimer.ca\/algoma\/en<\/a><\/p>\t\t\t\t\t\t\t\t<\/div>\n\t\t\t\t\t<\/div>\n\t\t\t\t<\/div>\n\t\t\t\t<\/div>\n\t\t\t\t\t<\/details>\n\t\t\t\t\t\t<details id=\"e-n-accordion-item-13728\" class=\"e-n-accordion-item\" >\n\t\t\t\t<summary class=\"e-n-accordion-item-title\" data-accordion-index=\"29\" tabindex=\"-1\" aria-expanded=\"false\" aria-controls=\"e-n-accordion-item-13728\" >\n\t\t\t\t\t<span class='e-n-accordion-item-title-header'><div class=\"e-n-accordion-item-title-text\"> Soutien Nord-Est - Services \u00e0 domicile et en milieu communautaire <\/div><\/span>\n\t\t\t\t\t\t\t<span class='e-n-accordion-item-title-icon'>\n\t\t\t<span class='e-opened' ><i aria-hidden=\"true\" class=\"fas fa-minus\"><\/i><\/span>\n\t\t\t<span class='e-closed'><i aria-hidden=\"true\" class=\"fas fa-plus\"><\/i><\/span>\n\t\t<\/span>\n\n\t\t\t\t\t\t<\/summary>\n\t\t\t\t<div role=\"region\" aria-labelledby=\"e-n-accordion-item-13728\" class=\"elementor-element elementor-element-9ecd395 e-flex e-con-boxed e-con e-child\" data-id=\"9ecd395\" data-element_type=\"container\" data-e-type=\"container\">\n\t\t\t\t\t<div class=\"e-con-inner\">\n\t\t<div role=\"region\" aria-labelledby=\"e-n-accordion-item-13728\" class=\"elementor-element elementor-element-582fc73 e-con-full e-flex e-con e-child\" data-id=\"582fc73\" data-element_type=\"container\" data-e-type=\"container\">\n\t\t\t\t<div class=\"elementor-element elementor-element-f9c8581 elementor-widget elementor-widget-text-editor\" data-id=\"f9c8581\" data-element_type=\"widget\" data-e-type=\"widget\" data-widget_type=\"text-editor.default\">\n\t\t\t\t\t\t\t\t\t<p data-start=\"104\" data-end=\"279\">Offre du soutien \u00e0 domicile ou en milieu scolaire, incluant notamment : soins personnels, soins de plaies, ergoth\u00e9rapie, orthophonie, services de di\u00e9t\u00e9tiste et physioth\u00e9rapie.<\/p><p data-start=\"281\" data-end=\"378\">Les r\u00e9f\u00e9rences peuvent \u00eatre faites par la personne elle-m\u00eame ou par un professionnel de la sant\u00e9.<\/p><p class=\"p1\">Bureau situ\u00e9 \u00e0 Wawa, Ontario<br \/>Services administr\u00e9s \u00e0 partir de Sault Ste. Marie, Ontario<\/p><p class=\"p1\"><span style=\"box-sizing: border-box; margin: 0px; padding: 0px;\">Appelez au\u00a0<a href=\"tel:310-2222\" target=\"_blank\" rel=\"noopener\">310-2222<\/a> (anglais) ou au <a href=\"tel:310-2272\" target=\"_blank\" rel=\"noopener\">310-2272<\/a> (fran\u00e7ais) ou au <a href=\"tel:1-800-668-7705\" target=\"_blank\" rel=\"noopener\">1-800-668-7705<\/a><\/span><\/p>\t\t\t\t\t\t\t\t<\/div>\n\t\t\t\t<\/div>\n\t\t\t\t\t<\/div>\n\t\t\t\t<\/div>\n\t\t\t\t\t<\/details>\n\t\t\t\t\t\t<details id=\"e-n-accordion-item-13729\" class=\"e-n-accordion-item\" >\n\t\t\t\t<summary class=\"e-n-accordion-item-title\" data-accordion-index=\"30\" tabindex=\"-1\" aria-expanded=\"false\" aria-controls=\"e-n-accordion-item-13729\" >\n\t\t\t\t\t<span class='e-n-accordion-item-title-header'><div class=\"e-n-accordion-item-title-text\"> Service aux victimes de Wawa et des environs (Wawa &amp; Area Victim Services) <\/div><\/span>\n\t\t\t\t\t\t\t<span class='e-n-accordion-item-title-icon'>\n\t\t\t<span class='e-opened' ><i aria-hidden=\"true\" class=\"fas fa-minus\"><\/i><\/span>\n\t\t\t<span class='e-closed'><i aria-hidden=\"true\" class=\"fas fa-plus\"><\/i><\/span>\n\t\t<\/span>\n\n\t\t\t\t\t\t<\/summary>\n\t\t\t\t<div role=\"region\" aria-labelledby=\"e-n-accordion-item-13729\" class=\"elementor-element elementor-element-7d23e47 e-flex e-con-boxed e-con e-child\" data-id=\"7d23e47\" data-element_type=\"container\" data-e-type=\"container\">\n\t\t\t\t\t<div class=\"e-con-inner\">\n\t\t<div role=\"region\" aria-labelledby=\"e-n-accordion-item-13729\" class=\"elementor-element elementor-element-c35f5eb e-con-full e-flex e-con e-child\" data-id=\"c35f5eb\" data-element_type=\"container\" data-e-type=\"container\">\n\t\t\t\t<div class=\"elementor-element elementor-element-46077b0 elementor-widget elementor-widget-text-editor\" data-id=\"46077b0\" data-element_type=\"widget\" data-e-type=\"widget\" data-widget_type=\"text-editor.default\">\n\t\t\t\t\t\t\t\t\t<p data-start=\"56\" data-end=\"203\">Offre une assistance imm\u00e9diate aux victimes d\u2019actes criminels et de situations tragiques, 24 heures sur 24, 7 jours sur 7, 365 jours par ann\u00e9e.<\/p><p data-start=\"205\" data-end=\"246\">31, rue Algoma<br data-start=\"223\" data-end=\"226\" \/>Wawa (Ontario)<\/p><p class=\"p1\"><a href=\"tel:705-856-7852\">705-856-7852<\/a><br \/><a href=\"tel:1-866-898-2577\">1-866-898-2577<\/a><\/p>\t\t\t\t\t\t\t\t<\/div>\n\t\t\t\t<\/div>\n\t\t\t\t\t<\/div>\n\t\t\t\t<\/div>\n\t\t\t\t\t<\/details>\n\t\t\t\t\t\t<details id=\"e-n-accordion-item-13730\" class=\"e-n-accordion-item\" >\n\t\t\t\t<summary class=\"e-n-accordion-item-title\" data-accordion-index=\"31\" tabindex=\"-1\" aria-expanded=\"false\" aria-controls=\"e-n-accordion-item-13730\" >\n\t\t\t\t\t<span class='e-n-accordion-item-title-header'><div class=\"e-n-accordion-item-title-text\"> Wawa Dental Centre <\/div><\/span>\n\t\t\t\t\t\t\t<span class='e-n-accordion-item-title-icon'>\n\t\t\t<span class='e-opened' ><i aria-hidden=\"true\" class=\"fas fa-minus\"><\/i><\/span>\n\t\t\t<span class='e-closed'><i aria-hidden=\"true\" class=\"fas fa-plus\"><\/i><\/span>\n\t\t<\/span>\n\n\t\t\t\t\t\t<\/summary>\n\t\t\t\t<div role=\"region\" aria-labelledby=\"e-n-accordion-item-13730\" class=\"elementor-element elementor-element-c727963 e-flex e-con-boxed e-con e-child\" data-id=\"c727963\" data-element_type=\"container\" data-e-type=\"container\">\n\t\t\t\t\t<div class=\"e-con-inner\">\n\t\t<div role=\"region\" aria-labelledby=\"e-n-accordion-item-13730\" class=\"elementor-element elementor-element-503e0e6 e-con-full e-flex e-con e-child\" data-id=\"503e0e6\" data-element_type=\"container\" data-e-type=\"container\">\n\t\t\t\t<div class=\"elementor-element elementor-element-f08ffeb elementor-widget elementor-widget-text-editor\" data-id=\"f08ffeb\" data-element_type=\"widget\" data-e-type=\"widget\" data-widget_type=\"text-editor.default\">\n\t\t\t\t\t\t\t\t\t<p data-start=\"56\" data-end=\"223\">Offre des services dentaires comprenant le diagnostic, la denturologie, l\u2019endodontie, les soins pr\u00e9ventifs, les soins restaurateurs, la parodontie et la chirurgie.<\/p><p data-start=\"225\" data-end=\"339\">T\u00e9l\u00e9phone : <a href=\"tel:705-856-2804\">705-856-2804<\/a> pour prendre rendez-vous<br data-start=\"278\" data-end=\"281\" \/>ou r\u00e9servez en ligne :<br data-start=\"303\" data-end=\"306\" \/><a class=\"decorated-link\" href=\"https:\/\/www.wawafamilydental.com\/\" target=\"_blank\" rel=\"noopener\" data-start=\"306\" data-end=\"339\">https:\/\/www.wawafamilydental.com\/<\/a><\/p><p data-start=\"341\" data-end=\"359\" data-is-last-node=\"\" data-is-only-node=\"\">Wawa (Ontario)<\/p>\t\t\t\t\t\t\t\t<\/div>\n\t\t\t\t<\/div>\n\t\t\t\t\t<\/div>\n\t\t\t\t<\/div>\n\t\t\t\t\t<\/details>\n\t\t\t\t\t<\/div>\n\t\t\t\t\t\t<\/div>\n\t\t\t\t\t<\/div>\n\t\t\t\t<\/div>\n\t\t<div class=\"elementor-element elementor-element-292eee9 e-flex e-con-boxed e-con e-parent\" data-id=\"292eee9\" data-element_type=\"container\" data-e-type=\"container\">\n\t\t\t\t\t<div class=\"e-con-inner\">\n\t\t\t\t\t<\/div>\n\t\t\t\t<\/div>\n\t\t<div class=\"elementor-element elementor-element-73e7f5e animated-slow e-flex e-con-boxed elementor-invisible e-con e-parent\" data-id=\"73e7f5e\" data-element_type=\"container\" data-e-type=\"container\" data-settings=\"{&quot;animation&quot;:&quot;fadeIn&quot;,&quot;animation_delay&quot;:250}\">\n\t\t\t\t\t<div class=\"e-con-inner\">\n\t\t<div class=\"elementor-element elementor-element-2e47939 e-con-full e-flex e-con e-child\" data-id=\"2e47939\" data-element_type=\"container\" data-e-type=\"container\">\n\t\t\t\t<div class=\"elementor-element elementor-element-4802b5a elementor-widget elementor-widget-heading\" data-id=\"4802b5a\" data-element_type=\"widget\" data-e-type=\"widget\" data-widget_type=\"heading.default\">\n\t\t\t\t\t<h4 class=\"elementor-heading-title elementor-size-default\"><a href=\"https:\/\/dubreuilville.ca\/fr\/notre-communite\/services-durgence\/?open-ea11y-assistant=1&#038;open-ea11y-assistant-src=WP\">Services d\u2019urgence<\/a><\/h4>\t\t\t\t<\/div>\n\t\t\t\t<div data-dce-background-color=\"#FFFFFF\" class=\"elementor-element elementor-element-8cb14ed elementor-align-left elementor-widget elementor-widget-button\" data-id=\"8cb14ed\" data-element_type=\"widget\" data-e-type=\"widget\" data-widget_type=\"button.default\">\n\t\t\t\t\t\t\t\t\t\t<a class=\"elementor-button elementor-button-link elementor-size-sm\" href=\"https:\/\/dubreuilville.ca\/fr\/notre-communite\/services-durgence\/?open-ea11y-assistant=1&#038;open-ea11y-assistant-src=WP\">\n\t\t\t\t\t\t<span class=\"elementor-button-content-wrapper\">\n\t\t\t\t\t\t<span class=\"elementor-button-icon\">\n\t\t\t\t<i aria-hidden=\"true\" class=\"fas fa-arrow-right\"><\/i>\t\t\t<\/span>\n\t\t\t\t\t\t\t\t<\/span>\n\t\t\t\t\t<\/a>\n\t\t\t\t\t\t\t\t<\/div>\n\t\t\t\t<\/div>\n\t\t\t\t\t<\/div>\n\t\t\t\t<\/div>\n\t\t\t\t<\/div>\n\t\t","protected":false},"excerpt":{"rendered":"<p>Plan de s\u00e9curit\u00e9 et de bien-\u00eatre communautaire L\u2019objectif de la planification en mati\u00e8re de s\u00e9curit\u00e9 et de bien-\u00eatre communautaires est de cr\u00e9er des communaut\u00e9s durables o\u00f9 chacun est en s\u00e9curit\u00e9, \u00e9prouve un sentiment d\u2019appartenance, a des occasions de participer, et o\u00f9 les individus et les familles sont en mesure de r\u00e9pondre \u00e0 leurs besoins en [&hellip;]<\/p>\n","protected":false},"author":1,"featured_media":9774,"parent":1562,"menu_order":0,"comment_status":"closed","ping_status":"closed","template":"","meta":{"_acf_changed":false,"footnotes":""},"class_list":["post-1572","page","type-page","status-publish","has-post-thumbnail","hentry"],"acf":[],"_links":{"self":[{"href":"https:\/\/dubreuilville.ca\/fr\/wp-json\/wp\/v2\/pages\/1572","targetHints":{"allow":["GET"]}}],"collection":[{"href":"https:\/\/dubreuilville.ca\/fr\/wp-json\/wp\/v2\/pages"}],"about":[{"href":"https:\/\/dubreuilville.ca\/fr\/wp-json\/wp\/v2\/types\/page"}],"author":[{"embeddable":true,"href":"https:\/\/dubreuilville.ca\/fr\/wp-json\/wp\/v2\/users\/1"}],"replies":[{"embeddable":true,"href":"https:\/\/dubreuilville.ca\/fr\/wp-json\/wp\/v2\/comments?post=1572"}],"version-history":[{"count":188,"href":"https:\/\/dubreuilville.ca\/fr\/wp-json\/wp\/v2\/pages\/1572\/revisions"}],"predecessor-version":[{"id":10253,"href":"https:\/\/dubreuilville.ca\/fr\/wp-json\/wp\/v2\/pages\/1572\/revisions\/10253"}],"up":[{"embeddable":true,"href":"https:\/\/dubreuilville.ca\/fr\/wp-json\/wp\/v2\/pages\/1562"}],"wp:featuredmedia":[{"embeddable":true,"href":"https:\/\/dubreuilville.ca\/fr\/wp-json\/wp\/v2\/media\/9774"}],"wp:attachment":[{"href":"https:\/\/dubreuilville.ca\/fr\/wp-json\/wp\/v2\/media?parent=1572"}],"curies":[{"name":"wp","href":"https:\/\/api.w.org\/{rel}","templated":true}]}}